{"id":1917,"date":"2023-12-06T15:07:35","date_gmt":"2023-12-06T14:07:35","guid":{"rendered":"https:\/\/nns.cz\/predskolak\/?page_id=1917"},"modified":"2024-01-16T16:27:31","modified_gmt":"2024-01-16T15:27:31","slug":"strana-42-43","status":"publish","type":"page","link":"https:\/\/nns.cz\/predskolak\/jsem-predskolak\/podrobne-instrukce-ke-strankam\/strana-42-43\/","title":{"rendered":"Strana 42, 43"},"content":{"rendered":"\n<p><strong><span class=\"has-inline-color has-luminous-vivid-orange-color\">J<\/span><span class=\"has-inline-color has-vivid-cyan-blue-color\">S<\/span><span class=\"has-inline-color has-light-green-cyan-color\">E<\/span><span class=\"has-inline-color has-vivid-purple-color\">M<\/span> <span class=\"has-inline-color has-luminous-vivid-amber-color\">P<\/span><span class=\"has-inline-color has-pale-cyan-blue-color\">\u0158<\/span><span class=\"has-inline-color has-vivid-red-color\">E<\/span><span class=\"has-inline-color has-pale-pink-color\">D<\/span><span class=\"has-inline-color has-vivid-purple-color\">\u0160<\/span><span class=\"has-inline-color has-light-green-cyan-color\">K<\/span><span class=\"has-inline-color has-vivid-cyan-blue-color\">O<\/span><span class=\"has-inline-color has-cyan-bluish-gray-color\">L<\/span><span class=\"has-inline-color has-vivid-green-cyan-color\">\u00c1<\/span><span class=\"has-inline-color has-vivid-purple-color\">K<\/span><\/strong><\/p>\n\n\n\n<p class=\"has-text-align-right\"><a href=\"https:\/\/nns.cz\/predskolak\/jsem-predskolak\/podrobne-instrukce-ke-strankam\/\">Zp\u011bt na p\u0159ehled stran<\/a><\/p>\n\n\n\n<div class=\"wp-block-image\"><figure class=\"alignleft size-medium is-resized\"><a href=\"https:\/\/mediacreator.cz\/documents\/Jsem_predskolak\/video\/42_43._Jsem_predskolak_3.webm\" target=\"_blank\" rel=\"noopener noreferrer\"><img loading=\"lazy\" decoding=\"async\" src=\"https:\/\/nns.cz\/predskolak\/wp-content\/uploads\/2023\/11\/pusa_ikonka-300x238.png\" alt=\"\" class=\"wp-image-1755\" width=\"75\" height=\"60\" srcset=\"https:\/\/nns.cz\/predskolak\/wp-content\/uploads\/2023\/11\/pusa_ikonka-300x238.png 300w, https:\/\/nns.cz\/predskolak\/wp-content\/uploads\/2023\/11\/pusa_ikonka-384x313.png 384w, https:\/\/nns.cz\/predskolak\/wp-content\/uploads\/2023\/11\/pusa_ikonka.png 395w\" sizes=\"auto, (max-width: 75px) 100vw, 75px\" \/><\/a><\/figure><\/div>\n\n\n\n<p><strong><span class=\"has-inline-color has-vivid-cyan-blue-color\">NAKRESLI, JAK SE UM\u00cd\u0160 USM\u00cdVAT.<\/span><\/strong> (str. 42, 43)<\/p>\n\n\n\n<div style=\"height:20px\" aria-hidden=\"true\" class=\"wp-block-spacer\"><\/div>\n\n\n\n<video class=\"video-player\" data-src=\"null\" src=\"https:\/\/mediacreator.cz\/documents\/Jsem_predskolak\/video\/low_42_43._Jsem_predskolak_3.webm\">\n  <source src=\"https:\/\/mediacreator.cz\/documents\/Jsem_predskolak\/video\/42_43._Jsem_predskolak_3.webm\" title=\"HQ\">\n  <source src=\"https:\/\/mediacreator.cz\/documents\/Jsem_predskolak\/video\/low_42_43._Jsem_predskolak_3.webm\" title=\"LQ\">\n  Your browser do not support the video tag.\n<\/video>\n\n\n\n<p><\/p>\n\n\n\n<ol class=\"wp-block-list\" type=\"1\"><li><strong>Vzpome\u0148 si<\/strong> na sv\u016fj \u0161\u0165astn\u00fd den. <strong>Vypr\u00e1v\u011bj<\/strong>, p\u0159i jak\u00e9 p\u0159\u00edle\u017eitosti to bylo. Co ti ud\u011blalo radost a pro\u010d?<\/li><li><strong>P\u0159edve\u010f<\/strong>, jak ses usm\u00edval.<\/li><li><strong>Nakresli<\/strong> sebe. Obr\u00e1zky ti napov\u011bd\u00ed.<\/li><li><strong>Za\u010dni<\/strong> od hlavy a krku.<\/li><li><strong>Prohl\u00e9dni se<\/strong> v&nbsp;zrcadle. <strong>V\u0161imni si<\/strong>, \u017ee tvoje o\u010di maj\u00ed \u0159asy. A nad nimi je obo\u010d\u00ed.<\/li><li><strong>Pod\u00edvej<\/strong> <strong>se<\/strong>, jak dlouh\u00e9 m\u00e1\u0161 vlasy.<\/li><li>A\u017e obr\u00e1zek nakresl\u00ed\u0161, <strong>\u0159\u00edkej<\/strong>, jak\u00fd m\u00e1\u0161 obli\u010dej. Je kulat\u00fd? Je ov\u00e1ln\u00fd?<\/li><li>Jak\u00e9 m\u00e1\u0161 \u010delo? Je vysok\u00e9?<\/li><li>A co tv\u00e9 vlasy?<br>Jsou sv\u011btl\u00e9, nebo tmav\u00e9?<br>Rovn\u00e9, nebo kudrnat\u00e9?<\/li><li><strong>Prohl\u00e9dni si<\/strong> sv\u00e9 o\u010di. Jsou velk\u00e9? Nebo jsou mal\u00e9? Jsou modr\u00e9, zelen\u00e9 nebo jinak zbarven\u00e9?<\/li><li>A co obo\u010d\u00ed? Je tmav\u00e9, nebo sv\u011btl\u00e9?<\/li><li>Je hust\u00e9? A <strong>prohl\u00e9dni si<\/strong> i \u0159asy. M\u00e1\u0161 je dlouh\u00e9, nebo kr\u00e1tk\u00e9? \u017de jsi nakreslil i bradu? Jak\u00e1 je? Je kulat\u00e1?<\/li><li><strong>\u0158ekni<\/strong> kamar\u00e1d\u016fm, a\u0165 se tak\u00e9 nakresl\u00ed. Obr\u00e1zky <strong>si<\/strong> pak <strong>prohl\u00e9dn\u011bte<\/strong>. <strong>M\u016f\u017eete si<\/strong> i <strong>uspo\u0159\u00e1dat<\/strong> v\u00fdstavu.<\/li><li>N\u011bkter\u00e9 \u010d\u00e1sti t\u011bla jsi na obr\u00e1zku nakreslil dvakr\u00e1t. Kter\u00e9? (<em>O\u010di a u\u0161i.<\/em>)O \u010d\u00e1stech t\u011bla, kter\u00e9 m\u00e1me dvakr\u00e1t, se \u0159\u00edk\u00e1, \u017ee jsou p\u00e1rov\u00e9.<\/li><li>Na sv\u00e9m kamar\u00e1dovi uka\u017e \u010d\u00e1sti t\u011bla, kter\u00e9 m\u00e1me dvakr\u00e1t. <strong>Uka\u017e<\/strong> je i na sv\u00e9m t\u011ble.<\/li><li><strong>Polo\u017e se<\/strong> na velk\u00fd balic\u00ed pap\u00edr. Kamar\u00e1d t\u011b obkresl\u00ed.<\/li><li><strong>V\u0161imni si<\/strong>, jak velk\u00e1 je hlava v&nbsp;porovn\u00e1n\u00ed se zbytkem t\u011bla. Jak dlouh\u00e9 jsou ruce a jak dlouh\u00e9 jsou nohy? Obkreslit si m\u016f\u017eete i ruce. Kolik m\u00e1 ruka prst\u016f?<\/li><li><strong>Postavte se<\/strong> s&nbsp;kamar\u00e1dem z\u00e1dy k&nbsp;sob\u011b. Kdo je vy\u0161\u0161\u00ed? Tvou v\u00fd\u0161ku pot\u0159ebuje zn\u00e1t pan\u00ed doktorka, aby zjistila, zda odpov\u00edd\u00e1 tv\u00e9mu v\u011bku. Zji\u0161\u0165uje tak\u00e9, kolik v\u00e1\u017e\u00ed\u0161. V\u00ed\u0161, kolik m\u011b\u0159\u00ed\u0161 a kolik v\u00e1\u017e\u00ed\u0161?<\/li><li><strong>Zkus se<\/strong> do r\u00e1me\u010dku <strong>nakreslit<\/strong>. Za\u010dni hlavou, pak <strong>nakresli<\/strong> krk a pak teprve zbytek t\u011bla.<\/li><li>A kdy\u017e bude\u0161 m\u00edt chu\u0165, <strong>m\u016f\u017ee\u0161 se<\/strong> t\u0159eba i <strong>vymodelovat<\/strong> z&nbsp;plastel\u00edny.<\/li><\/ol>\n\n\n\n<p class=\"has-text-align-right\"><a href=\"https:\/\/nns.cz\/predskolak\/jsem-predskolak\/podrobne-instrukce-ke-strankam\/\">Zp\u011bt na p\u0159ehled stran<\/a><\/p>\n","protected":false},"excerpt":{"rendered":"<p>JSEM P\u0158ED\u0160KOL\u00c1K Zp\u011bt na p\u0159ehled stran NAKRESLI, JAK SE UM\u00cd\u0160 USM\u00cdVAT. (str. 42, 43) Your browser do not support the video tag. Vzpome\u0148 si na sv\u016fj \u0161\u0165astn\u00fd den. Vypr\u00e1v\u011bj, p\u0159i jak\u00e9 p\u0159\u00edle\u017eitosti to bylo. Co ti ud\u011blalo radost a pro\u010d? P\u0159edve\u010f, jak ses usm\u00edval. Nakresli sebe. Obr\u00e1zky ti napov\u011bd\u00ed. Za\u010dni od hlavy a krku. Prohl\u00e9dni [&hellip;]<\/p>\n","protected":false},"author":2,"featured_media":0,"parent":1716,"menu_order":0,"comment_status":"closed","ping_status":"closed","template":"","meta":{"footnotes":""},"class_list":["post-1917","page","type-page","status-publish","hentry","latest_post"],"_links":{"self":[{"href":"https:\/\/nns.cz\/predskolak\/wp-json\/wp\/v2\/pages\/1917","targetHints":{"allow":["GET"]}}],"collection":[{"href":"https:\/\/nns.cz\/predskolak\/wp-json\/wp\/v2\/pages"}],"about":[{"href":"https:\/\/nns.cz\/predskolak\/wp-json\/wp\/v2\/types\/page"}],"author":[{"embeddable":true,"href":"https:\/\/nns.cz\/predskolak\/wp-json\/wp\/v2\/users\/2"}],"replies":[{"embeddable":true,"href":"https:\/\/nns.cz\/predskolak\/wp-json\/wp\/v2\/comments?post=1917"}],"version-history":[{"count":5,"href":"https:\/\/nns.cz\/predskolak\/wp-json\/wp\/v2\/pages\/1917\/revisions"}],"predecessor-version":[{"id":2229,"href":"https:\/\/nns.cz\/predskolak\/wp-json\/wp\/v2\/pages\/1917\/revisions\/2229"}],"up":[{"embeddable":true,"href":"https:\/\/nns.cz\/predskolak\/wp-json\/wp\/v2\/pages\/1716"}],"wp:attachment":[{"href":"https:\/\/nns.cz\/predskolak\/wp-json\/wp\/v2\/media?parent=1917"}],"curies":[{"name":"wp","href":"https:\/\/api.w.org\/{rel}","templated":true}]}}