{"id":1893,"date":"2023-12-06T13:59:56","date_gmt":"2023-12-06T12:59:56","guid":{"rendered":"https:\/\/nns.cz\/predskolak\/?page_id=1893"},"modified":"2024-01-16T16:24:12","modified_gmt":"2024-01-16T15:24:12","slug":"strana-32","status":"publish","type":"page","link":"https:\/\/nns.cz\/predskolak\/jsem-predskolak\/podrobne-instrukce-ke-strankam\/strana-32\/","title":{"rendered":"Strana 32"},"content":{"rendered":"\n<p><strong><span class=\"has-inline-color has-luminous-vivid-orange-color\">J<\/span><span class=\"has-inline-color has-vivid-cyan-blue-color\">S<\/span><span class=\"has-inline-color has-light-green-cyan-color\">E<\/span><span class=\"has-inline-color has-vivid-purple-color\">M<\/span> <span class=\"has-inline-color has-luminous-vivid-amber-color\">P<\/span><span class=\"has-inline-color has-pale-cyan-blue-color\">\u0158<\/span><span class=\"has-inline-color has-vivid-red-color\">E<\/span><span class=\"has-inline-color has-pale-pink-color\">D<\/span><span class=\"has-inline-color has-vivid-purple-color\">\u0160<\/span><span class=\"has-inline-color has-light-green-cyan-color\">K<\/span><span class=\"has-inline-color has-vivid-cyan-blue-color\">O<\/span><span class=\"has-inline-color has-cyan-bluish-gray-color\">L<\/span><span class=\"has-inline-color has-vivid-green-cyan-color\">\u00c1<\/span><span class=\"has-inline-color has-vivid-purple-color\">K<\/span><\/strong><\/p>\n\n\n\n<p class=\"has-text-align-right\"><a href=\"https:\/\/nns.cz\/predskolak\/jsem-predskolak\/podrobne-instrukce-ke-strankam\/\">Zp\u011bt na p\u0159ehled stran<\/a><\/p>\n\n\n\n<div class=\"wp-block-image\"><figure class=\"alignleft size-full is-resized\"><a href=\"https:\/\/mediacreator.cz\/documents\/Jsem_predskolak\/video\/32._Jsem_predskolak_3.webm\" target=\"_blank\" rel=\"noopener noreferrer\"><img loading=\"lazy\" decoding=\"async\" src=\"https:\/\/nns.cz\/predskolak\/wp-content\/uploads\/2023\/11\/narozeninova-cepicka_ikonka.png\" alt=\"\" class=\"wp-image-1750\" width=\"75\" height=\"74\" srcset=\"https:\/\/nns.cz\/predskolak\/wp-content\/uploads\/2023\/11\/narozeninova-cepicka_ikonka.png 301w, https:\/\/nns.cz\/predskolak\/wp-content\/uploads\/2023\/11\/narozeninova-cepicka_ikonka-150x150.png 150w, https:\/\/nns.cz\/predskolak\/wp-content\/uploads\/2023\/11\/narozeninova-cepicka_ikonka-246x246.png 246w, https:\/\/nns.cz\/predskolak\/wp-content\/uploads\/2023\/11\/narozeninova-cepicka_ikonka-185x185.png 185w, https:\/\/nns.cz\/predskolak\/wp-content\/uploads\/2023\/11\/narozeninova-cepicka_ikonka-220x220.png 220w, https:\/\/nns.cz\/predskolak\/wp-content\/uploads\/2023\/11\/narozeninova-cepicka_ikonka-60x60.png 60w\" sizes=\"auto, (max-width: 75px) 100vw, 75px\" \/><\/a><\/figure><\/div>\n\n\n\n<p><strong><span class=\"has-inline-color has-vivid-cyan-blue-color\">HUR\u00c1 NA OSLAVU!<\/span><\/strong> (str. 32)<\/p>\n\n\n\n<div style=\"height:20px\" aria-hidden=\"true\" class=\"wp-block-spacer\"><\/div>\n\n\n\n<video class=\"video-player\" data-src=\"null\" src=\"https:\/\/mediacreator.cz\/documents\/Jsem_predskolak\/video\/low_32._Jsem_predskolak_3.webm\">\n  <source src=\"https:\/\/mediacreator.cz\/documents\/Jsem_predskolak\/video\/32._Jsem_predskolak_3.webm\" title=\"HQ\">\n  <source src=\"https:\/\/mediacreator.cz\/documents\/Jsem_predskolak\/video\/low_32._Jsem_predskolak_3.webm\" title=\"LQ\">\n  Your browser do not support the video tag.\n<\/video>\n\n\n\n<p><\/p>\n\n\n\n<ol class=\"wp-block-list\" type=\"1\"><li>Oslava je tu! A kdo slav\u00ed?<br><em>ZV\u00cd\u0158\u00c1TKA DNES OSLAVUJ\u00cd,<\/em><br><em>\u010cEPICE SI NASAZUJ\u00cd.<\/em><\/li><li><strong>Zkus<\/strong> \u0159\u00edkanku <strong>zopakovat<\/strong>.<\/li><li>Obr\u00e1zek \u010depice p\u0159ipom\u00edn\u00e1 troj\u00faheln\u00edk.<\/li><li><strong>Prohl\u00e9dni si<\/strong> velik\u00e1nskou \u010depici u zv\u00ed\u0159\u00e1tek.<\/li><li><strong>Spo\u010d\u00edtej<\/strong> men\u0161\u00ed troj\u00faheln\u00edky uvnit\u0159 t\u00e9to \u010depice. (<em>\u010cty\u0159i.<\/em>)<\/li><li>V&nbsp;r\u00e1me\u010dku <strong>vybarvi<\/strong> tolik punt\u00edk\u016f, kolik troj\u00faheln\u00edk\u016f jsi napo\u010d\u00edtal.<\/li><li><strong>Spo\u010d\u00edtej<\/strong> vybarven\u00e1 zv\u00ed\u0159ata. (<em>\u010cty\u0159i<\/em>)<\/li><li><strong>Spo\u010d\u00edtej<\/strong> nevybarven\u00fd zv\u00ed\u0159ata. (<em>T\u0159i.<\/em>)<\/li><li><strong>\u0158ekni<\/strong>, o kolik m\u00e9n\u011b je nevybarven\u00fdch zv\u00ed\u0159at. (<em>O jedno.<\/em>)<\/li><li><strong>Pojmenuj<\/strong> zv\u00ed\u0159ata.<\/li><li>Nejprve <strong>pojmenuj<\/strong> vybarven\u00e1 zv\u00ed\u0159ata.<\/li><li><strong>\u0158ekni<\/strong>, co sly\u0161\u00ed\u0161 na za\u010d\u00e1tku t\u011bchto slov. (<em>K.<\/em>)<\/li><li><strong>Pojmenuj<\/strong> nevybarven\u00e1 zv\u00ed\u0159ata.<\/li><li><strong>\u0158ekni<\/strong>, co sly\u0161\u00ed\u0161 na za\u010d\u00e1tku t\u011bchto slov. (<em>G.<\/em>)<\/li><li><strong>Vybarvi<\/strong> je podle sv\u00e9 fantazie.<\/li><li><strong>Prohl\u00e9dni si<\/strong> <em>G<\/em> a <em>K<\/em>.<\/li><li><strong>Vybarvi<\/strong> je odli\u0161n\u011b barevn\u00fdmi pastelkami.<\/li><li>Vstoje <strong>obt\u00e1hni<\/strong> prstem velkou \u010depici z&nbsp;oslavy.<\/li><li><strong>Vezmi si<\/strong> tu\u017eku a obt\u00e1hni \u010depici i tu\u017ekou.<\/li><li>Od vyzna\u010den\u00e9ho prvn\u00edho bodu <strong>nakresli<\/strong> lomenou \u010d\u00e1ru ve sm\u011bru \u010d\u00e1ry p\u0159eru\u0161ovan\u00e9.<\/li><li>Od druh\u00e9ho bodu <strong>nakresli<\/strong> lomenou \u010d\u00e1ru s\u00e1m. Tah nep\u0159eru\u0161uj, a\u0165 je plynul\u00fd.<\/li><li><strong>Nakresli<\/strong> lomenou \u010d\u00e1ru i od t\u0159et\u00edho bodu.<\/li><li>P\u0159i kreslen\u00ed <strong>od\u0159\u00edk\u00e1vej<\/strong> do rytmu \u0159\u00edkanku:<br><em>ZV\u00cd\u0158\u00c1TKA DNES OSLAVUJ\u00cd,<\/em><br><em>\u010cEPICE SI NASAZUJ\u00cd.<\/em><\/li><li>Kde jsi vid\u011bl tato zv\u00ed\u0159\u00e1tka? (<em>V zoologick\u00e9 zahrad\u011b.<\/em>) Kter\u00e1 dal\u0161\u00ed jsi tam vid\u011bl?<\/li><\/ol>\n\n\n\n<p class=\"has-text-align-right\"><a href=\"https:\/\/nns.cz\/predskolak\/jsem-predskolak\/podrobne-instrukce-ke-strankam\/\">Zp\u011bt na p\u0159ehled stran<\/a><\/p>\n","protected":false},"excerpt":{"rendered":"<p>JSEM P\u0158ED\u0160KOL\u00c1K Zp\u011bt na p\u0159ehled stran HUR\u00c1 NA OSLAVU! (str. 32) Your browser do not support the video tag. Oslava je tu! A kdo slav\u00ed?ZV\u00cd\u0158\u00c1TKA DNES OSLAVUJ\u00cd,\u010cEPICE SI NASAZUJ\u00cd. Zkus \u0159\u00edkanku zopakovat. Obr\u00e1zek \u010depice p\u0159ipom\u00edn\u00e1 troj\u00faheln\u00edk. Prohl\u00e9dni si velik\u00e1nskou \u010depici u zv\u00ed\u0159\u00e1tek. Spo\u010d\u00edtej men\u0161\u00ed troj\u00faheln\u00edky uvnit\u0159 t\u00e9to \u010depice. (\u010cty\u0159i.) V&nbsp;r\u00e1me\u010dku vybarvi tolik punt\u00edk\u016f, kolik troj\u00faheln\u00edk\u016f [&hellip;]<\/p>\n","protected":false},"author":2,"featured_media":0,"parent":1716,"menu_order":0,"comment_status":"closed","ping_status":"closed","template":"","meta":{"footnotes":""},"class_list":["post-1893","page","type-page","status-publish","hentry","latest_post"],"_links":{"self":[{"href":"https:\/\/nns.cz\/predskolak\/wp-json\/wp\/v2\/pages\/1893","targetHints":{"allow":["GET"]}}],"collection":[{"href":"https:\/\/nns.cz\/predskolak\/wp-json\/wp\/v2\/pages"}],"about":[{"href":"https:\/\/nns.cz\/predskolak\/wp-json\/wp\/v2\/types\/page"}],"author":[{"embeddable":true,"href":"https:\/\/nns.cz\/predskolak\/wp-json\/wp\/v2\/users\/2"}],"replies":[{"embeddable":true,"href":"https:\/\/nns.cz\/predskolak\/wp-json\/wp\/v2\/comments?post=1893"}],"version-history":[{"count":4,"href":"https:\/\/nns.cz\/predskolak\/wp-json\/wp\/v2\/pages\/1893\/revisions"}],"predecessor-version":[{"id":2221,"href":"https:\/\/nns.cz\/predskolak\/wp-json\/wp\/v2\/pages\/1893\/revisions\/2221"}],"up":[{"embeddable":true,"href":"https:\/\/nns.cz\/predskolak\/wp-json\/wp\/v2\/pages\/1716"}],"wp:attachment":[{"href":"https:\/\/nns.cz\/predskolak\/wp-json\/wp\/v2\/media?parent=1893"}],"curies":[{"name":"wp","href":"https:\/\/api.w.org\/{rel}","templated":true}]}}