{"id":1890,"date":"2023-12-06T13:57:35","date_gmt":"2023-12-06T12:57:35","guid":{"rendered":"https:\/\/nns.cz\/predskolak\/?page_id=1890"},"modified":"2024-01-16T16:12:58","modified_gmt":"2024-01-16T15:12:58","slug":"strana-30-31","status":"publish","type":"page","link":"https:\/\/nns.cz\/predskolak\/jsem-predskolak\/podrobne-instrukce-ke-strankam\/strana-30-31\/","title":{"rendered":"Strana 30, 31"},"content":{"rendered":"\n<p><strong><span class=\"has-inline-color has-luminous-vivid-orange-color\">J<\/span><span class=\"has-inline-color has-vivid-cyan-blue-color\">S<\/span><span class=\"has-inline-color has-light-green-cyan-color\">E<\/span><span class=\"has-inline-color has-vivid-purple-color\">M<\/span> <span class=\"has-inline-color has-luminous-vivid-amber-color\">P<\/span><span class=\"has-inline-color has-pale-cyan-blue-color\">\u0158<\/span><span class=\"has-inline-color has-vivid-red-color\">E<\/span><span class=\"has-inline-color has-pale-pink-color\">D<\/span><span class=\"has-inline-color has-vivid-purple-color\">\u0160<\/span><span class=\"has-inline-color has-light-green-cyan-color\">K<\/span><span class=\"has-inline-color has-vivid-cyan-blue-color\">O<\/span><span class=\"has-inline-color has-cyan-bluish-gray-color\">L<\/span><span class=\"has-inline-color has-vivid-green-cyan-color\">\u00c1<\/span><span class=\"has-inline-color has-vivid-purple-color\">K<\/span><\/strong><\/p>\n\n\n\n<p class=\"has-text-align-right\"><a href=\"https:\/\/nns.cz\/predskolak\/jsem-predskolak\/podrobne-instrukce-ke-strankam\/\">Zp\u011bt na p\u0159ehled stran<\/a><\/p>\n\n\n\n<div class=\"wp-block-image\"><figure class=\"alignleft size-medium is-resized\"><a href=\"https:\/\/mediacreator.cz\/documents\/Jsem_predskolak\/video\/30_31._Jsem_predskolak_2.webm\" target=\"_blank\" rel=\"noopener noreferrer\"><img loading=\"lazy\" decoding=\"async\" src=\"https:\/\/nns.cz\/predskolak\/wp-content\/uploads\/2023\/11\/dum-ikonka-300x236.png\" alt=\"\" class=\"wp-image-1730\" width=\"75\" height=\"59\" srcset=\"https:\/\/nns.cz\/predskolak\/wp-content\/uploads\/2023\/11\/dum-ikonka-300x236.png 300w, https:\/\/nns.cz\/predskolak\/wp-content\/uploads\/2023\/11\/dum-ikonka.png 613w\" sizes=\"auto, (max-width: 75px) 100vw, 75px\" \/><\/a><\/figure><\/div>\n\n\n\n<p><strong><span class=\"has-inline-color has-vivid-cyan-blue-color\">KRESLI OKNA DOME\u010cKU.<\/span><\/strong> (str. 30, 31)<\/p>\n\n\n\n<div style=\"height:20px\" aria-hidden=\"true\" class=\"wp-block-spacer\"><\/div>\n\n\n\n<video class=\"video-player\" data-src=\"null\" src=\"https:\/\/mediacreator.cz\/documents\/Jsem_predskolak\/video\/low_30_31._Jsem_predskolak_2.webm\">\n  <source src=\"https:\/\/mediacreator.cz\/documents\/Jsem_predskolak\/video\/30_31._Jsem_predskolak_2.webm\" title=\"HQ\">\n  <source src=\"https:\/\/mediacreator.cz\/documents\/Jsem_predskolak\/video\/low_30_31._Jsem_predskolak_2.webm\" title=\"LQ\">\n  Your browser do not support the video tag.\n<\/video>\n\n\n\n<p><\/p>\n\n\n\n<ol class=\"wp-block-list\" type=\"1\"><li>Ve velik\u00e1nsk\u00e9m dom\u011b na obr\u00e1zku je spousta oken. <strong>Pod\u00edvej!<\/strong><\/li><li>D\u016fm m\u00e1 t\u0159i podla\u017e\u00ed!<\/li><li><strong>Uka\u017e<\/strong> prvn\u00ed podla\u017e\u00ed. Kolik m\u00e1 oken? (<em>Dv\u011b.<\/em>)<\/li><li><strong>Uka\u017e<\/strong> druh\u00e9 podla\u017e\u00ed. Kolik m\u00e1 oken? (<em>T\u0159i.<\/em>)<\/li><li><strong>Uka\u017e<\/strong> t\u0159et\u00ed podla\u017e\u00ed. Kolik m\u00e1 oken? (<em>T\u0159i.<\/em>)<\/li><li><strong>Zkus<\/strong> je <strong>spo\u010d\u00edtat<\/strong>. (<em>Osm.<\/em>)<\/li><li>Jak\u00fd tvar tato okna maj\u00ed? (<em>\u010ctverec.)<\/em><\/li><li>Vstoje <strong>nakresli<\/strong> velk\u00e9 okno ve tvaru \u010dtverce.<\/li><li>Vsed\u011b <strong>obt\u00e1hni<\/strong> prstem \u017elut\u00e9 okno.<\/li><li><strong>Vezmi si<\/strong> \u017elutou pastelku a <strong>obt\u00e1hni<\/strong> tento tah i pastelkou.<\/li><li><strong>Nachystej<\/strong> <strong>si<\/strong> \u010dervenou, oran\u017eovou, zelenou, fialovou, modrou, r\u016f\u017eovou a hn\u011bdou pastelku.<\/li><li><strong>Vezmi<\/strong> <strong>si<\/strong> \u010dervenou pastelku. Uka\u017e \u010derven\u00fd bod. Od tohoto bodu <strong>nakresli<\/strong> dal\u0161\u00ed okno.<\/li><li><strong>Vezmi<\/strong> <strong>si<\/strong> oran\u017eovou pastelku. <strong>Nakresli<\/strong> je\u0161t\u011b oran\u017eov\u00e9 okno do tohoto podla\u017e\u00ed.<\/li><li><strong>Uka\u017e <\/strong>okna ve druh\u00e9m podla\u017e\u00ed.<\/li><li>Jak jsou barevn\u00e1? Spr\u00e1vn\u011b. Toto je zelen\u00e9. Toto je fialov\u00e9. A toto je modr\u00e9.<\/li><li><strong>Vezmi si <\/strong>zelenou pastelku a <strong>nakresli<\/strong> zelen\u00e9 okno ve druh\u00e9m podla\u017e\u00ed.<\/li><li><strong>Vezmi si <\/strong>fialovou pastelku a <strong>nakresli<\/strong> fialov\u00e9 okno ve druh\u00e9m podla\u017e\u00ed.<\/li><li><strong>Vezmi si <\/strong>modrou pastelku a <strong>nakresli<\/strong> modr\u00e9 okno ve druh\u00e9m podla\u017e\u00ed.<\/li><li><strong>Uka\u017e<\/strong> okna, kter\u00e1 je\u0161t\u011b zb\u00fdv\u00e1 dokreslit. Ve kter\u00e9m podla\u017e\u00ed jsou? (<em>Ve druh\u00e9m.<\/em>)<\/li><li><strong>Dokresli<\/strong> je.<\/li><li>Kter\u00e9 pastelky jsi k&nbsp;dokreslen\u00ed t\u011bchto oken pou\u017eil? (<em>R\u016f\u017eovou a hn\u011bdou.<\/em>)<\/li><li><strong>Najdi <\/strong>v p\u0159\u00edloze samolepky a <strong>nalep <\/strong>je, kam pat\u0159\u00ed. Pozn\u00e1\u0161 to podle jejich tvaru.<\/li><li><strong>\u0158ekni<\/strong>, co je na obr\u00e1zc\u00edch, kter\u00e9 jsi nalepil do oken v&nbsp;1.&nbsp;podla\u017e\u00ed? (<em>Srd\u00ed\u010dko a je\u017eek.<\/em>)<\/li><li>A <strong>\u0159ekni <\/strong>i, co je na obr\u00e1zc\u00edch, kter\u00e9 jsi nalepil do oken ve 2.&nbsp;podla\u017e\u00ed? (<em>V\u00e1no\u010dn\u00ed strome\u010dek, d\u00e1re\u010dek a akv\u00e1rium.<\/em>)<\/li><li>A co je na obr\u00e1zc\u00edch, kter\u00e9 jsi nalepil do oken ve 3.&nbsp;podla\u017e\u00ed? (<em>Slun\u00ed\u010dko, beru\u0161ka a kousek pomeran\u010de.<\/em>)<\/li><li><strong>Obt\u00e1hni<\/strong> prstem dve\u0159e.<\/li><li>Kter\u00fd tvar p\u0159ipom\u00ednaj\u00ed? (<em>Obd\u00e9ln\u00edk.<\/em>)<\/li><li>Kolik men\u0161\u00edch barevn\u00fdch obd\u00e9ln\u00edk\u016f je v&nbsp;nich skryto? <em>(Dva.)<\/em><\/li><li>Kolik obd\u00e9ln\u00edk\u016f je na obr\u00e1zku dve\u0159\u00ed dohromady? <em>(T\u0159i.)<\/em><\/li><li><strong>Prohl\u00e9dni si<\/strong> domy na obr\u00e1zku.<\/li><li>Panelov\u00fd d\u016fm, rodinn\u00fd d\u016fm, chalupa a mrakodrap jsou obydl\u00ed. Kter\u00e1 dal\u0161\u00ed obydl\u00ed zn\u00e1\u0161?<\/li><li><strong>Nakresli<\/strong> d\u016fm podle sv\u00e9 fantazie.<\/li><\/ol>\n\n\n\n<p class=\"has-text-align-right\"><a href=\"https:\/\/nns.cz\/predskolak\/jsem-predskolak\/podrobne-instrukce-ke-strankam\/\">Zp\u011bt na p\u0159ehled stran<\/a><\/p>\n","protected":false},"excerpt":{"rendered":"<p>JSEM P\u0158ED\u0160KOL\u00c1K Zp\u011bt na p\u0159ehled stran KRESLI OKNA DOME\u010cKU. (str. 30, 31) Your browser do not support the video tag. Ve velik\u00e1nsk\u00e9m dom\u011b na obr\u00e1zku je spousta oken. Pod\u00edvej! D\u016fm m\u00e1 t\u0159i podla\u017e\u00ed! Uka\u017e prvn\u00ed podla\u017e\u00ed. Kolik m\u00e1 oken? (Dv\u011b.) Uka\u017e druh\u00e9 podla\u017e\u00ed. Kolik m\u00e1 oken? (T\u0159i.) Uka\u017e t\u0159et\u00ed podla\u017e\u00ed. Kolik m\u00e1 oken? (T\u0159i.) Zkus [&hellip;]<\/p>\n","protected":false},"author":2,"featured_media":0,"parent":1716,"menu_order":0,"comment_status":"closed","ping_status":"closed","template":"","meta":{"footnotes":""},"class_list":["post-1890","page","type-page","status-publish","hentry","latest_post"],"_links":{"self":[{"href":"https:\/\/nns.cz\/predskolak\/wp-json\/wp\/v2\/pages\/1890","targetHints":{"allow":["GET"]}}],"collection":[{"href":"https:\/\/nns.cz\/predskolak\/wp-json\/wp\/v2\/pages"}],"about":[{"href":"https:\/\/nns.cz\/predskolak\/wp-json\/wp\/v2\/types\/page"}],"author":[{"embeddable":true,"href":"https:\/\/nns.cz\/predskolak\/wp-json\/wp\/v2\/users\/2"}],"replies":[{"embeddable":true,"href":"https:\/\/nns.cz\/predskolak\/wp-json\/wp\/v2\/comments?post=1890"}],"version-history":[{"count":4,"href":"https:\/\/nns.cz\/predskolak\/wp-json\/wp\/v2\/pages\/1890\/revisions"}],"predecessor-version":[{"id":2220,"href":"https:\/\/nns.cz\/predskolak\/wp-json\/wp\/v2\/pages\/1890\/revisions\/2220"}],"up":[{"embeddable":true,"href":"https:\/\/nns.cz\/predskolak\/wp-json\/wp\/v2\/pages\/1716"}],"wp:attachment":[{"href":"https:\/\/nns.cz\/predskolak\/wp-json\/wp\/v2\/media?parent=1890"}],"curies":[{"name":"wp","href":"https:\/\/api.w.org\/{rel}","templated":true}]}}