{"id":1871,"date":"2023-12-06T13:41:10","date_gmt":"2023-12-06T12:41:10","guid":{"rendered":"https:\/\/nns.cz\/predskolak\/?page_id=1871"},"modified":"2024-01-16T16:10:37","modified_gmt":"2024-01-16T15:10:37","slug":"strana-22-23","status":"publish","type":"page","link":"https:\/\/nns.cz\/predskolak\/jsem-predskolak\/podrobne-instrukce-ke-strankam\/strana-22-23\/","title":{"rendered":"Strana 22, 23"},"content":{"rendered":"\n<p><strong><span class=\"has-inline-color has-luminous-vivid-orange-color\">J<\/span><span class=\"has-inline-color has-vivid-cyan-blue-color\">S<\/span><span class=\"has-inline-color has-light-green-cyan-color\">E<\/span><span class=\"has-inline-color has-vivid-purple-color\">M<\/span> <span class=\"has-inline-color has-luminous-vivid-amber-color\">P<\/span><span class=\"has-inline-color has-pale-cyan-blue-color\">\u0158<\/span><span class=\"has-inline-color has-vivid-red-color\">E<\/span><span class=\"has-inline-color has-pale-pink-color\">D<\/span><span class=\"has-inline-color has-vivid-purple-color\">\u0160<\/span><span class=\"has-inline-color has-light-green-cyan-color\">K<\/span><span class=\"has-inline-color has-vivid-cyan-blue-color\">O<\/span><span class=\"has-inline-color has-cyan-bluish-gray-color\">L<\/span><span class=\"has-inline-color has-vivid-green-cyan-color\">\u00c1<\/span><span class=\"has-inline-color has-vivid-purple-color\">K<\/span><\/strong><\/p>\n\n\n\n<p class=\"has-text-align-right\"><a href=\"https:\/\/nns.cz\/predskolak\/jsem-predskolak\/podrobne-instrukce-ke-strankam\/\">Zp\u011bt na p\u0159ehled stran<\/a><\/p>\n\n\n\n<div class=\"wp-block-image\"><figure class=\"alignleft size-medium is-resized\"><a href=\"https:\/\/mediacreator.cz\/documents\/Jsem_predskolak\/video\/22_23._Jsem_predskolak_3.webm\" target=\"_blank\" rel=\"noopener noreferrer\"><img loading=\"lazy\" decoding=\"async\" src=\"https:\/\/nns.cz\/predskolak\/wp-content\/uploads\/2023\/11\/krabice_ikonka-300x238.png\" alt=\"\" class=\"wp-image-1738\" width=\"75\" height=\"60\" srcset=\"https:\/\/nns.cz\/predskolak\/wp-content\/uploads\/2023\/11\/krabice_ikonka-300x238.png 300w, https:\/\/nns.cz\/predskolak\/wp-content\/uploads\/2023\/11\/krabice_ikonka-768x608.png 768w, https:\/\/nns.cz\/predskolak\/wp-content\/uploads\/2023\/11\/krabice_ikonka.png 860w\" sizes=\"auto, (max-width: 75px) 100vw, 75px\" \/><\/a><\/figure><\/div>\n\n\n\n<p><strong><span class=\"has-inline-color has-vivid-cyan-blue-color\">POROVNEJ VELIKOST KRABIC.<\/span><\/strong> (str. 22, 23)<\/p>\n\n\n\n<div style=\"height:20px\" aria-hidden=\"true\" class=\"wp-block-spacer\"><\/div>\n\n\n\n<video class=\"video-player\" data-src=\"null\" src=\"https:\/\/mediacreator.cz\/documents\/Jsem_predskolak\/video\/low_22_23._Jsem_predskolak_3.webm\">\n  <source src=\"https:\/\/mediacreator.cz\/documents\/Jsem_predskolak\/video\/22_23._Jsem_predskolak_3.webm\" title=\"HQ\">\n  <source src=\"https:\/\/mediacreator.cz\/documents\/Jsem_predskolak\/video\/low_22_23._Jsem_predskolak_3.webm\" title=\"LQ\">\n  Your browser do not support the video tag.\n<\/video>\n\n\n\n<p><\/p>\n\n\n\n<ol class=\"wp-block-list\" type=\"1\"><li><strong>Prohl\u00e9dni si <\/strong>krabice. Dv\u011b jsou na t\u00e9to str\u00e1nce a jedna, ta nejv\u011bt\u0161\u00ed, je na dal\u0161\u00ed str\u00e1nce.<\/li><li>Kolik je jich dohromady? <em>T\u0159i.<\/em> Spr\u00e1vn\u011b!<\/li><li><strong>Ukazuj <\/strong>jednu po druh\u00e9.<\/li><li><strong>\u0158\u00edkej<\/strong>: <em>Tato krabice je <strong>velk\u00e1<\/strong>. Tato krabice je <strong>v\u011bt\u0161\u00ed<\/strong>. Tato krabice je <strong>nejv\u011bt\u0161\u00ed<\/strong>.<\/em><\/li><li><strong>Postav se.<\/strong><\/li><li><strong>Vstoje obt\u00e1hni <\/strong>prstem \u010d\u00e1ry na nejv\u011bt\u0161\u00ed krabici.<\/li><li><strong>Posa\u010f se.<\/strong><\/li><li><strong>Vezmi si <\/strong>\u010dervenou pastelku.<\/li><li><strong>Vsed\u011b obt\u00e1hni <\/strong>pastelkou \u010dervenou \u010d\u00e1ru na prvn\u00ed, na druh\u00e9 i na t\u0159et\u00ed krabici.<\/li><li><strong>Vezmi si<\/strong> \u017elutou pastelku.<\/li><li><strong>Obt\u00e1hni<\/strong> pastelkou \u017elutou \u010d\u00e1ru na prvn\u00ed, na druh\u00e9 i na t\u0159et\u00ed krabici.<\/li><li><strong>Vezmi si<\/strong> modrou pastelku.<\/li><li><strong>Obt\u00e1hni<\/strong> pastelkou modrou \u010d\u00e1ru na prvn\u00ed, na druh\u00e9 i na t\u0159et\u00ed krabici.<\/li><li><strong>Vezmi si<\/strong> zelenou pastelku.<\/li><li><strong>Obt\u00e1hni<\/strong> pastelkou zelenou \u010d\u00e1ru na prvn\u00ed, na druh\u00e9 i na t\u0159et\u00ed krabici.<\/li><li>P\u0159i kreslen\u00ed<strong> od\u0159\u00edk\u00e1vej<\/strong> \u0159\u00edkanku:<br><em>DO VELK\u00c9 D\u00c1M<\/em> (u prvn\u00edho tahu)<br><em>SPOUSTU HRA\u010cEK<\/em> (u druh\u00e9ho tahu),<br><em>DO V\u011aT\u0160\u00cd SE VEJDE DR\u00c1\u010cEK<\/em> (u t\u0159et\u00edho tahu).<\/li><li>A te\u010f zb\u00fdv\u00e1 dokreslit \u010d\u00e1ry u\u017e jen na v\u011bt\u0161\u00ed a nejv\u011bt\u0161\u00ed krabici. \u017de u\u017e vid\u00ed\u0161, kter\u00e9 je\u0161t\u011b nejsou dokreslen\u00e9? <strong>Uka\u017e<\/strong> je.<\/li><li><strong>Pod\u00edvej se<\/strong> na velkou a v\u011bt\u0161\u00ed krabici. Je ta v\u011bt\u0161\u00ed opravdu v\u011bt\u0161\u00ed?<\/li><li><strong>Uka\u017e<\/strong> dva prou\u017eky, kter\u00e9 je\u0161t\u011b bude\u0161 dokreslovat na v\u011bt\u0161\u00ed krabici.<\/li><li>Jakou maj\u00ed barvu? Spr\u00e1vn\u011b. Jeden je oran\u017eov\u00fd a jeden je fialov\u00fd.<\/li><li><strong>Vezmi si<\/strong> oran\u017eovou pastelku a dokresli oran\u017eov\u00e9 \u010d\u00e1ry, jednu na v\u011bt\u0161\u00ed krabici a jednu na nejv\u011bt\u0161\u00ed krabici.<\/li><li><strong>Vezmi si<\/strong> fialovou pastelku.<\/li><li><strong>Dokresli<\/strong> s&nbsp;n\u00ed \u010d\u00e1ru na v\u011bt\u0161\u00ed krabici a na nejv\u011bt\u0161\u00ed krabici.<\/li><li><strong>Uka\u017e<\/strong> hn\u011bd\u00fd pruh na nejv\u011bt\u0161\u00ed krabici. \u010c\u00e1ru v&nbsp;tomto pruhu zb\u00fdv\u00e1 je\u0161t\u011b dokreslit. <strong>Vezmi si<\/strong> hn\u011bdou pastelku a <strong>dokresli<\/strong> ji.<\/li><li><strong>Uka\u017e<\/strong> r\u016f\u017eov\u00fd pruh na nejv\u011bt\u0161\u00ed krabici.<\/li><li><strong>Vezmi si<\/strong> r\u016f\u017eovou pastelku a <strong>dokresli<\/strong> posledn\u00ed \u010d\u00e1ru na nejv\u011bt\u0161\u00ed krabici<\/li><li>Do tak velk\u00fdch krabic se vejde spoustu hra\u010dek! <strong>Prohl\u00e9dni<\/strong> <strong>si<\/strong> hra\u010dky v&nbsp;r\u00e1me\u010dku.<\/li><li><strong>Pojmenuj<\/strong> je.<\/li><li><strong>Pod\u00edvej<\/strong> <strong>se!<\/strong> Ze s\u00e1\u010dku se vysypaly kuli\u010dky. <strong>Spo\u010d\u00edtej<\/strong> je.<\/li><li>Kam padaj\u00ed? Na p\u00edsmeno? Pojmenujeme ho? Je to <em>K<\/em>!<\/li><li><strong>Zopakuj<\/strong> n\u00e1zvy hra\u010dek a p\u0159i tom se soust\u0159e\u010f na to, co sly\u0161\u00ed\u0161 na za\u010d\u00e1tku slov.<\/li><li>Spr\u00e1vn\u011b! <em>K<\/em>. Velk\u00e9 <em>K&nbsp;<\/em>pod kuli\u010dkami <strong>vybarvi <\/strong>podle sv\u00e9 fantazie.<\/li><li>Kter\u00e9 z&nbsp;hra\u010dek v&nbsp;r\u00e1me\u010dku m\u00e1\u0161 doma?<\/li><li>A se kter\u00fdmi hra\u010dkami si hraje\u0161 nejrad\u011bji?<\/li><li>Do bubliny pod nadpisem <strong>nakresli <\/strong>svoji nejobl\u00edben\u011bj\u0161\u00ed hra\u010dku.<\/li><\/ol>\n\n\n\n<p class=\"has-text-align-right\"><a href=\"https:\/\/nns.cz\/predskolak\/jsem-predskolak\/podrobne-instrukce-ke-strankam\/\">Zp\u011bt na p\u0159ehled stran<\/a><\/p>\n","protected":false},"excerpt":{"rendered":"<p>JSEM P\u0158ED\u0160KOL\u00c1K Zp\u011bt na p\u0159ehled stran POROVNEJ VELIKOST KRABIC. (str. 22, 23) Your browser do not support the video tag. Prohl\u00e9dni si krabice. Dv\u011b jsou na t\u00e9to str\u00e1nce a jedna, ta nejv\u011bt\u0161\u00ed, je na dal\u0161\u00ed str\u00e1nce. Kolik je jich dohromady? T\u0159i. Spr\u00e1vn\u011b! Ukazuj jednu po druh\u00e9. \u0158\u00edkej: Tato krabice je velk\u00e1. Tato krabice je v\u011bt\u0161\u00ed. [&hellip;]<\/p>\n","protected":false},"author":2,"featured_media":0,"parent":1716,"menu_order":0,"comment_status":"closed","ping_status":"closed","template":"","meta":{"footnotes":""},"class_list":["post-1871","page","type-page","status-publish","hentry","latest_post"],"_links":{"self":[{"href":"https:\/\/nns.cz\/predskolak\/wp-json\/wp\/v2\/pages\/1871","targetHints":{"allow":["GET"]}}],"collection":[{"href":"https:\/\/nns.cz\/predskolak\/wp-json\/wp\/v2\/pages"}],"about":[{"href":"https:\/\/nns.cz\/predskolak\/wp-json\/wp\/v2\/types\/page"}],"author":[{"embeddable":true,"href":"https:\/\/nns.cz\/predskolak\/wp-json\/wp\/v2\/users\/2"}],"replies":[{"embeddable":true,"href":"https:\/\/nns.cz\/predskolak\/wp-json\/wp\/v2\/comments?post=1871"}],"version-history":[{"count":4,"href":"https:\/\/nns.cz\/predskolak\/wp-json\/wp\/v2\/pages\/1871\/revisions"}],"predecessor-version":[{"id":2214,"href":"https:\/\/nns.cz\/predskolak\/wp-json\/wp\/v2\/pages\/1871\/revisions\/2214"}],"up":[{"embeddable":true,"href":"https:\/\/nns.cz\/predskolak\/wp-json\/wp\/v2\/pages\/1716"}],"wp:attachment":[{"href":"https:\/\/nns.cz\/predskolak\/wp-json\/wp\/v2\/media?parent=1871"}],"curies":[{"name":"wp","href":"https:\/\/api.w.org\/{rel}","templated":true}]}}