{"id":1853,"date":"2023-12-06T13:20:41","date_gmt":"2023-12-06T12:20:41","guid":{"rendered":"https:\/\/nns.cz\/predskolak\/?page_id=1853"},"modified":"2024-01-16T16:08:20","modified_gmt":"2024-01-16T15:08:20","slug":"strana-14","status":"publish","type":"page","link":"https:\/\/nns.cz\/predskolak\/jsem-predskolak\/podrobne-instrukce-ke-strankam\/strana-14\/","title":{"rendered":"Strana 14"},"content":{"rendered":"\n<p><strong><span class=\"has-inline-color has-luminous-vivid-orange-color\">J<\/span><span class=\"has-inline-color has-vivid-cyan-blue-color\">S<\/span><span class=\"has-inline-color has-light-green-cyan-color\">E<\/span><span class=\"has-inline-color has-vivid-purple-color\">M<\/span> <span class=\"has-inline-color has-luminous-vivid-amber-color\">P<\/span><span class=\"has-inline-color has-pale-cyan-blue-color\">\u0158<\/span><span class=\"has-inline-color has-vivid-red-color\">E<\/span><span class=\"has-inline-color has-pale-pink-color\">D<\/span><span class=\"has-inline-color has-vivid-purple-color\">\u0160<\/span><span class=\"has-inline-color has-light-green-cyan-color\">K<\/span><span class=\"has-inline-color has-vivid-cyan-blue-color\">O<\/span><span class=\"has-inline-color has-cyan-bluish-gray-color\">L<\/span><span class=\"has-inline-color has-vivid-green-cyan-color\">\u00c1<\/span><span class=\"has-inline-color has-vivid-purple-color\">K<\/span><\/strong><\/p>\n\n\n\n<p class=\"has-text-align-right\"><a href=\"https:\/\/nns.cz\/predskolak\/jsem-predskolak\/podrobne-instrukce-ke-strankam\/\">Zp\u011bt na p\u0159ehled stran<\/a><\/p>\n\n\n\n<div class=\"wp-block-image\"><figure class=\"alignleft size-medium is-resized\"><a href=\"https:\/\/mediacreator.cz\/documents\/Jsem_predskolak\/video\/14._Jsem_predskolak_4.webm\" target=\"_blank\" rel=\"noopener noreferrer\"><img loading=\"lazy\" decoding=\"async\" src=\"https:\/\/nns.cz\/predskolak\/wp-content\/uploads\/2023\/11\/opice_ikonka-300x244.png\" alt=\"\" class=\"wp-image-1752\" width=\"75\" height=\"61\" srcset=\"https:\/\/nns.cz\/predskolak\/wp-content\/uploads\/2023\/11\/opice_ikonka-300x244.png 300w, https:\/\/nns.cz\/predskolak\/wp-content\/uploads\/2023\/11\/opice_ikonka.png 437w\" sizes=\"auto, (max-width: 75px) 100vw, 75px\" \/><\/a><\/figure><\/div>\n\n\n\n<p><strong><span class=\"has-inline-color has-vivid-cyan-blue-color\">POJ\u010e SE SKLOUZNOUT!<\/span><\/strong> (str. 14)<\/p>\n\n\n\n<div style=\"height:20px\" aria-hidden=\"true\" class=\"wp-block-spacer\"><\/div>\n\n\n\n<video class=\"video-player\" data-src=\"null\" src=\"https:\/\/mediacreator.cz\/documents\/Jsem_predskolak\/video\/low_14._Jsem_predskolak_4.webm\">\n  <source src=\"https:\/\/mediacreator.cz\/documents\/Jsem_predskolak\/video\/14._Jsem_predskolak_4.webm\" title=\"HQ\">\n  <source src=\"https:\/\/mediacreator.cz\/documents\/Jsem_predskolak\/video\/low_14._Jsem_predskolak_4.webm\" title=\"LQ\">\n  Your browser do not support the video tag.\n<\/video>\n\n\n\n<p><\/p>\n\n\n\n<ol class=\"wp-block-list\" type=\"1\"><li><strong>Prohl\u00e9dni si<\/strong> obr\u00e1zek. Pozn\u00e1\u0161, kdo se klou\u017ee po stavebnicov\u00e9 kostce? (<em>Opice.<\/em>)<\/li><li><strong>Nalep<\/strong> ji.<\/li><li><strong>Sklouzni se<\/strong> s&nbsp;n\u00ed na obr\u00e1zku.<br><strong>P\u0159i tom od\u0159\u00edk\u00e1vej do rytmu \u0159\u00edkanku:<\/strong><br><em>JE TO VELK\u00c1 LEGRACE<\/em><br><em>KLOUZAT SE JAK OPICE!<\/em><\/li><li><strong>Postav se<\/strong> a <strong>obt\u00e1hni<\/strong> prstem oblouk zelen\u00e9 stavebnicov\u00e9 kostky n\u011bkolikr\u00e1t tam a zp\u011bt. P\u0159itom <strong>uvolni<\/strong> pa\u017ei v&nbsp;rameni.<\/li><li>Vstoje<strong> vyzkou\u0161ej <\/strong>tento pohyb i zelenou pastelkou.<\/li><li><strong>Posa\u010f se.<\/strong> Od vyzna\u010den\u00fdch bod\u016f <strong>kresli<\/strong> doln\u00ed oblouky.<br><strong>Za\u010dni<\/strong> \u010dervenou pastelkou. <strong>Kresli<\/strong> n\u011bkolikr\u00e1t tam a zp\u011bt.<\/li><li><strong>Zkus nakreslit<\/strong> i modr\u00fd oblouk. Tah op\u011bt <strong>zopakuj<\/strong> n\u011bkolikr\u00e1t tam i zp\u011bt.<\/li><li><strong>Kresli<\/strong> tak\u00e9 \u017elut\u00e9 oblouky.<\/li><li><strong>Uka\u017e<\/strong> kr\u00e1l\u00ed\u010dka. <strong>\u0158ekni<\/strong>, kdo je <em>hned p\u0159ed<\/em> n\u00edm. <em>(Opice.)<\/em><\/li><li><strong>\u0158ekni<\/strong>, kdo je <em>hned za <\/em>n\u00edm.<em> (Ko\u010dka.)<\/em><\/li><li><strong>P\u0159em\u00fd\u0161lej<\/strong>, co maj\u00ed spole\u010dn\u00e9ho opi\u010dka, kr\u00e1l\u00ed\u010dek a ko\u010di\u010dka. <em>(Jsou to zv\u00ed\u0159ata.)<\/em><\/li><li><strong>Spo\u010d\u00edtej<\/strong> zv\u00ed\u0159ata. <strong>Zakrou\u017ekuj<\/strong> je. V&nbsp;r\u00e1me\u010dku <strong>vybarvi<\/strong> t\u0159i punt\u00edky.<\/li><li><strong>Pod\u00edvej<\/strong>, jak vypad\u00e1 trojka. <strong>Vybarvi<\/strong> ji. T\u0159eba mod\u0159e.<\/li><li>Nebo p\u0159es ni <strong>m\u016f\u017ee\u0161 nakreslit<\/strong> punt\u00edky.<\/li><\/ol>\n\n\n\n<p class=\"has-text-align-right\"><a href=\"https:\/\/nns.cz\/predskolak\/jsem-predskolak\/podrobne-instrukce-ke-strankam\/\">Zp\u011bt na p\u0159ehled stran<\/a><\/p>\n","protected":false},"excerpt":{"rendered":"<p>JSEM P\u0158ED\u0160KOL\u00c1K Zp\u011bt na p\u0159ehled stran POJ\u010e SE SKLOUZNOUT! (str. 14) Your browser do not support the video tag. Prohl\u00e9dni si obr\u00e1zek. Pozn\u00e1\u0161, kdo se klou\u017ee po stavebnicov\u00e9 kostce? (Opice.) Nalep ji. Sklouzni se s&nbsp;n\u00ed na obr\u00e1zku.P\u0159i tom od\u0159\u00edk\u00e1vej do rytmu \u0159\u00edkanku:JE TO VELK\u00c1 LEGRACEKLOUZAT SE JAK OPICE! Postav se a obt\u00e1hni prstem oblouk zelen\u00e9 [&hellip;]<\/p>\n","protected":false},"author":2,"featured_media":0,"parent":1716,"menu_order":0,"comment_status":"closed","ping_status":"closed","template":"","meta":{"footnotes":""},"class_list":["post-1853","page","type-page","status-publish","hentry","latest_post"],"_links":{"self":[{"href":"https:\/\/nns.cz\/predskolak\/wp-json\/wp\/v2\/pages\/1853","targetHints":{"allow":["GET"]}}],"collection":[{"href":"https:\/\/nns.cz\/predskolak\/wp-json\/wp\/v2\/pages"}],"about":[{"href":"https:\/\/nns.cz\/predskolak\/wp-json\/wp\/v2\/types\/page"}],"author":[{"embeddable":true,"href":"https:\/\/nns.cz\/predskolak\/wp-json\/wp\/v2\/users\/2"}],"replies":[{"embeddable":true,"href":"https:\/\/nns.cz\/predskolak\/wp-json\/wp\/v2\/comments?post=1853"}],"version-history":[{"count":4,"href":"https:\/\/nns.cz\/predskolak\/wp-json\/wp\/v2\/pages\/1853\/revisions"}],"predecessor-version":[{"id":2208,"href":"https:\/\/nns.cz\/predskolak\/wp-json\/wp\/v2\/pages\/1853\/revisions\/2208"}],"up":[{"embeddable":true,"href":"https:\/\/nns.cz\/predskolak\/wp-json\/wp\/v2\/pages\/1716"}],"wp:attachment":[{"href":"https:\/\/nns.cz\/predskolak\/wp-json\/wp\/v2\/media?parent=1853"}],"curies":[{"name":"wp","href":"https:\/\/api.w.org\/{rel}","templated":true}]}}