{"id":1847,"date":"2023-12-06T13:11:37","date_gmt":"2023-12-06T12:11:37","guid":{"rendered":"https:\/\/nns.cz\/predskolak\/?page_id=1847"},"modified":"2024-01-16T16:07:24","modified_gmt":"2024-01-16T15:07:24","slug":"strana-12","status":"publish","type":"page","link":"https:\/\/nns.cz\/predskolak\/jsem-predskolak\/podrobne-instrukce-ke-strankam\/strana-12\/","title":{"rendered":"Strana 12"},"content":{"rendered":"\n<p><strong><span class=\"has-inline-color has-luminous-vivid-orange-color\">J<\/span><span class=\"has-inline-color has-vivid-cyan-blue-color\">S<\/span><span class=\"has-inline-color has-light-green-cyan-color\">E<\/span><span class=\"has-inline-color has-vivid-purple-color\">M<\/span> <span class=\"has-inline-color has-luminous-vivid-amber-color\">P<\/span><span class=\"has-inline-color has-pale-cyan-blue-color\">\u0158<\/span><span class=\"has-inline-color has-vivid-red-color\">E<\/span><span class=\"has-inline-color has-pale-pink-color\">D<\/span><span class=\"has-inline-color has-vivid-purple-color\">\u0160<\/span><span class=\"has-inline-color has-light-green-cyan-color\">K<\/span><span class=\"has-inline-color has-vivid-cyan-blue-color\">O<\/span><span class=\"has-inline-color has-cyan-bluish-gray-color\">L<\/span><span class=\"has-inline-color has-vivid-green-cyan-color\">\u00c1<\/span><span class=\"has-inline-color has-vivid-purple-color\">K<\/span><\/strong><\/p>\n\n\n\n<p class=\"has-text-align-right\"><a href=\"https:\/\/nns.cz\/predskolak\/jsem-predskolak\/podrobne-instrukce-ke-strankam\/\">Zp\u011bt na p\u0159ehled stran<\/a><\/p>\n\n\n\n<div class=\"wp-block-image\"><figure class=\"alignleft size-medium is-resized\"><a href=\"https:\/\/mediacreator.cz\/documents\/Jsem_predskolak\/video\/12._Jsem_predskolak_4.webm\" target=\"_blank\" rel=\"noopener noreferrer\"><img loading=\"lazy\" decoding=\"async\" src=\"https:\/\/nns.cz\/predskolak\/wp-content\/uploads\/2023\/11\/zajic_ikonka-300x296.png\" alt=\"\" class=\"wp-image-1764\" width=\"75\" height=\"74\" srcset=\"https:\/\/nns.cz\/predskolak\/wp-content\/uploads\/2023\/11\/zajic_ikonka-300x296.png 300w, https:\/\/nns.cz\/predskolak\/wp-content\/uploads\/2023\/11\/zajic_ikonka-150x150.png 150w, https:\/\/nns.cz\/predskolak\/wp-content\/uploads\/2023\/11\/zajic_ikonka-246x246.png 246w, https:\/\/nns.cz\/predskolak\/wp-content\/uploads\/2023\/11\/zajic_ikonka-185x185.png 185w, https:\/\/nns.cz\/predskolak\/wp-content\/uploads\/2023\/11\/zajic_ikonka-220x220.png 220w, https:\/\/nns.cz\/predskolak\/wp-content\/uploads\/2023\/11\/zajic_ikonka-60x60.png 60w, https:\/\/nns.cz\/predskolak\/wp-content\/uploads\/2023\/11\/zajic_ikonka.png 319w\" sizes=\"auto, (max-width: 75px) 100vw, 75px\" \/><\/a><\/figure><\/div>\n\n\n\n<p><strong><span class=\"has-inline-color has-vivid-cyan-blue-color\">PROB\u011aHNI SE SE ZAJ\u00cdCI.<\/span><\/strong> (str. 12)<\/p>\n\n\n\n<div style=\"height:20px\" aria-hidden=\"true\" class=\"wp-block-spacer\"><\/div>\n\n\n\n<video class=\"video-player\" data-src=\"null\" src=\"https:\/\/mediacreator.cz\/documents\/Jsem_predskolak\/video\/low_12._Jsem_predskolak_4.webm\">\n  <source src=\"https:\/\/mediacreator.cz\/documents\/Jsem_predskolak\/video\/12._Jsem_predskolak_4.webm\" title=\"HQ\">\n  <source src=\"https:\/\/mediacreator.cz\/documents\/Jsem_predskolak\/video\/low_12._Jsem_predskolak_4.webm\" title=\"LQ\">\n  Your browser do not support the video tag.\n<\/video>\n\n\n\n<p><\/p>\n\n\n\n<ol class=\"wp-block-list\" type=\"1\"><li>Jsou tu zaje\u010d\u00ed z\u00e1vody! Zahraje\u0161 si s&nbsp;n\u00e1mi? <strong>P\u0159edstavuj si<\/strong>, \u017ee se chyst\u00e1\u0161 na z\u00e1vody se zaj\u00ed\u010dky a protahuje\u0161 se p\u0159ed z\u00e1vodem: <strong>Uvolni<\/strong> pa\u017ee a <strong>zakru\u017e<\/strong> jimi vp\u0159ed a vzad. <strong>P\u0159edv\u00e1d\u011bj<\/strong> pa\u017eemi, jak b\u011b\u017e\u00ed\u0161 na m\u00edst\u011b.<\/li><li>A te\u010f si prohl\u00e9dneme zaj\u00ed\u010dky na obr\u00e1zku. <strong>Uka\u017e<\/strong> toho, kter\u00fd p\u0159ib\u011bhl do c\u00edle druh\u00fd.<\/li><li><strong>Postav se<\/strong> a <strong>obt\u00e1hni<\/strong> prstem dr\u00e1hu, kterou ub\u011bhl.<\/li><li>Vstoje<strong> vyzkou\u0161ej <\/strong>tento pohyb i zelenou pastelkou.<\/li><li><strong>Uka\u017e<\/strong> zaj\u00ed\u010dka, kter\u00fd z\u00e1vod vyhr\u00e1l.<\/li><li>A te\u010f se v&nbsp;z\u00e1vodn\u00ed dr\u00e1ze se zaj\u00ed\u010dky prob\u011bhne i zelen\u00e1 pastelka! <strong>Posa\u010f se.<\/strong> Od vyzna\u010den\u00e9ho bodu <strong>kru\u017e<\/strong> zelenou pastelkou v&nbsp;dr\u00e1ze zaj\u00edce, kter\u00fd vyhr\u00e1l. Tah <strong>nep\u0159eru\u0161uj<\/strong>, a\u0165 je plynul\u00fd.<\/li><li>P\u0159i kreslen\u00ed <strong>od\u0159\u00edk\u00e1vej<\/strong> do rytmu \u0159\u00edkanku.<br><em>SE ZAJ\u00cdCI Z\u00c1VOD\u00cdM,<\/em><br><em>P\u0158ITOM PA\u017dI UVOLN\u00cdM.<\/em><\/li><li>Podle obr\u00e1zkov\u00fdch h\u00e1danek <strong>zkus poznat<\/strong> zv\u00ed\u0159\u00e1tka, kter\u00e1 jsou na z\u00e1vod\u011b se zaj\u00ed\u010dky.<\/li><li><strong>Najdi<\/strong> je mezi samolepkami v&nbsp;p\u0159\u00edloze a <strong>nalep je<\/strong>.<\/li><li><strong>Prohl\u00e9dni si<\/strong> zv\u00ed\u0159\u00e1tka a <strong>\u0159\u00edkej<\/strong>, co d\u011blaj\u00ed.<\/li><li>A te\u010f si na zv\u00ed\u0159\u00e1tka zahrajeme. <strong>Vyber si<\/strong> jedno z&nbsp;nich a p\u0159edve\u010f ho. Kamar\u00e1di se sna\u017e\u00ed uhodnout, kter\u00e9 zv\u00ed\u0159\u00e1tko p\u0159edv\u00e1d\u00ed\u0161. Pokud si nev\u00ed rady, pomoz jim a vyd\u00e1vej zvuky, kter\u00fdmi se toto zv\u00ed\u0159\u00e1tko dorozum\u00edv\u00e1.<\/li><\/ol>\n\n\n\n<p class=\"has-text-align-right\"><a href=\"https:\/\/nns.cz\/predskolak\/jsem-predskolak\/podrobne-instrukce-ke-strankam\/\">Zp\u011bt na p\u0159ehled stran<\/a><\/p>\n","protected":false},"excerpt":{"rendered":"<p>JSEM P\u0158ED\u0160KOL\u00c1K Zp\u011bt na p\u0159ehled stran PROB\u011aHNI SE SE ZAJ\u00cdCI. (str. 12) Your browser do not support the video tag. Jsou tu zaje\u010d\u00ed z\u00e1vody! Zahraje\u0161 si s&nbsp;n\u00e1mi? P\u0159edstavuj si, \u017ee se chyst\u00e1\u0161 na z\u00e1vody se zaj\u00ed\u010dky a protahuje\u0161 se p\u0159ed z\u00e1vodem: Uvolni pa\u017ee a zakru\u017e jimi vp\u0159ed a vzad. P\u0159edv\u00e1d\u011bj pa\u017eemi, jak b\u011b\u017e\u00ed\u0161 na m\u00edst\u011b. [&hellip;]<\/p>\n","protected":false},"author":2,"featured_media":0,"parent":1716,"menu_order":0,"comment_status":"closed","ping_status":"closed","template":"","meta":{"footnotes":""},"class_list":["post-1847","page","type-page","status-publish","hentry","latest_post"],"_links":{"self":[{"href":"https:\/\/nns.cz\/predskolak\/wp-json\/wp\/v2\/pages\/1847","targetHints":{"allow":["GET"]}}],"collection":[{"href":"https:\/\/nns.cz\/predskolak\/wp-json\/wp\/v2\/pages"}],"about":[{"href":"https:\/\/nns.cz\/predskolak\/wp-json\/wp\/v2\/types\/page"}],"author":[{"embeddable":true,"href":"https:\/\/nns.cz\/predskolak\/wp-json\/wp\/v2\/users\/2"}],"replies":[{"embeddable":true,"href":"https:\/\/nns.cz\/predskolak\/wp-json\/wp\/v2\/comments?post=1847"}],"version-history":[{"count":4,"href":"https:\/\/nns.cz\/predskolak\/wp-json\/wp\/v2\/pages\/1847\/revisions"}],"predecessor-version":[{"id":2206,"href":"https:\/\/nns.cz\/predskolak\/wp-json\/wp\/v2\/pages\/1847\/revisions\/2206"}],"up":[{"embeddable":true,"href":"https:\/\/nns.cz\/predskolak\/wp-json\/wp\/v2\/pages\/1716"}],"wp:attachment":[{"href":"https:\/\/nns.cz\/predskolak\/wp-json\/wp\/v2\/media?parent=1847"}],"curies":[{"name":"wp","href":"https:\/\/api.w.org\/{rel}","templated":true}]}}