{"id":1838,"date":"2023-12-06T13:01:53","date_gmt":"2023-12-06T12:01:53","guid":{"rendered":"https:\/\/nns.cz\/predskolak\/?page_id=1838"},"modified":"2024-01-16T16:06:16","modified_gmt":"2024-01-16T15:06:16","slug":"strana-6-7","status":"publish","type":"page","link":"https:\/\/nns.cz\/predskolak\/jsem-predskolak\/podrobne-instrukce-ke-strankam\/strana-6-7\/","title":{"rendered":"Strana 6, 7"},"content":{"rendered":"\n<p><strong><span class=\"has-inline-color has-luminous-vivid-orange-color\">J<\/span><span class=\"has-inline-color has-vivid-cyan-blue-color\">S<\/span><span class=\"has-inline-color has-light-green-cyan-color\">E<\/span><span class=\"has-inline-color has-vivid-purple-color\">M<\/span> <span class=\"has-inline-color has-luminous-vivid-amber-color\">P<\/span><span class=\"has-inline-color has-pale-cyan-blue-color\">\u0158<\/span><span class=\"has-inline-color has-vivid-red-color\">E<\/span><span class=\"has-inline-color has-pale-pink-color\">D<\/span><span class=\"has-inline-color has-vivid-purple-color\">\u0160<\/span><span class=\"has-inline-color has-light-green-cyan-color\">K<\/span><span class=\"has-inline-color has-vivid-cyan-blue-color\">O<\/span><span class=\"has-inline-color has-cyan-bluish-gray-color\">L<\/span><span class=\"has-inline-color has-vivid-green-cyan-color\">\u00c1<\/span><span class=\"has-inline-color has-vivid-purple-color\">K<\/span><\/strong><\/p>\n\n\n\n<p class=\"has-text-align-right\"><a href=\"https:\/\/nns.cz\/predskolak\/jsem-predskolak\/podrobne-instrukce-ke-strankam\/\">Zp\u011bt na p\u0159ehled stran<\/a><\/p>\n\n\n\n<div class=\"wp-block-image\"><figure class=\"alignleft size-medium is-resized\"><a href=\"https:\/\/mediacreator.cz\/documents\/Jsem_predskolak\/video\/06_07._Jsem_predskolak_3.webm\" target=\"_blank\" rel=\"noopener noreferrer\"><img loading=\"lazy\" decoding=\"async\" src=\"https:\/\/nns.cz\/predskolak\/wp-content\/uploads\/2023\/11\/kocka_ikonka-300x264.png\" alt=\"\" class=\"wp-image-1735\" width=\"75\" height=\"66\" srcset=\"https:\/\/nns.cz\/predskolak\/wp-content\/uploads\/2023\/11\/kocka_ikonka-300x264.png 300w, https:\/\/nns.cz\/predskolak\/wp-content\/uploads\/2023\/11\/kocka_ikonka.png 357w\" sizes=\"auto, (max-width: 75px) 100vw, 75px\" \/><\/a><\/figure><\/div>\n\n\n\n<p><strong><span class=\"has-inline-color has-vivid-cyan-blue-color\">POROVNEJ OBR\u00c1ZKY.<\/span> <\/strong>(str. 6, 7)<\/p>\n\n\n\n<div style=\"height:20px\" aria-hidden=\"true\" class=\"wp-block-spacer\"><\/div>\n\n\n\n<video class=\"video-player\" data-src=\"null\" src=\"https:\/\/mediacreator.cz\/documents\/Jsem_predskolak\/video\/low_06_07._Jsem_predskolak_3.webm\">\n  <source src=\"https:\/\/mediacreator.cz\/documents\/Jsem_predskolak\/video\/06_07._Jsem_predskolak_3.webm\" title=\"HQ\">\n  <source src=\"https:\/\/mediacreator.cz\/documents\/Jsem_predskolak\/video\/low_06_07._Jsem_predskolak_3.webm\" title=\"LQ\">\n  Your browser do not support the video tag.\n<\/video>\n\n\n\n<p><\/p>\n\n\n\n<ol class=\"wp-block-list\" type=\"1\"><li><strong>Prohl\u00e9dni si<\/strong> obr\u00e1zek.<\/li><li>Vstoje <strong>p\u0159edv\u00e1d\u011bj<\/strong>, jak ko\u010di\u010dka \u010daruje. <strong>P\u0159edstav si<\/strong>, \u017ee m\u00e1\u0161 v&nbsp;ruce kouzelnickou h\u016flku. Kru\u017e s&nbsp;n\u00ed ve vzduchu p\u0159ed sebou do v\u0161ech stran. P\u0159i tom uvolni pa\u017ei v&nbsp;rameni.<\/li><li>Vsed\u011b <strong>obt\u00e1hni<\/strong> prstem \u010d\u00e1ru od ko\u010dky a pokra\u010duj v&nbsp;tahu do v\u0161ech stran.<br>P\u0159itom <strong>od\u0159\u00edk\u00e1vej<\/strong> \u0159\u00edkanku:<br><em>\u010c\u00c1RY M\u00c1RY DO V\u0160ECH STRAN<\/em><br><em>KOUZLO LET\u00cd KE HV\u011aZD\u00c1M.<\/em><\/li><li><strong>Vezmi si<\/strong> \u017elutou pastelku.<\/li><li><strong>Vyzkou\u0161ej<\/strong> tento pohyb i \u017elutou pastelkou.<\/li><li>A te\u010f <strong>si zahraj<\/strong> na ko\u010di\u010dku. Klekni si. Tvoje ruce jsou te\u010f ko\u010di\u010d\u00ed tlapky. <strong>P\u0159edv\u00e1d\u011bj<\/strong>, jak si hraje\u0161 t\u0159eba s&nbsp;vln\u011bn\u00fdmi klub\u00ed\u010dky.<\/li><li><strong>Vezmi si<\/strong> je\u0161t\u011b jednou \u017elutou pastelkou a <strong>vybarvi<\/strong> s&nbsp;n\u00ed velkou hv\u011bzdu, kterou ko\u010di\u010dka prom\u011bnila v&nbsp;malinkatou hv\u011bzdi\u010dku.<\/li><li>Velk\u00e1 hv\u011bzda je na obr\u00e1zku jen jedna. <strong>Vybarvi<\/strong> jedni\u010dku vedle n\u00ed. U\u017e jsi n\u011bkdy vid\u011bl jedni\u010dku? Ur\u010dit\u011b jsi ji u\u017e n\u011bkdy dostal za odm\u011bnu od pan\u00ed u\u010ditelky ve \u0161kolce m\u00edsto obr\u00e1zku.<\/li><li>Jestli chce\u0161, <strong>m\u016f\u017ee\u0161 si dokreslit<\/strong> na oblohu dal\u0161\u00ed hv\u011bzdi\u010dky.<\/li><li><strong>Zkus<\/strong> je <strong>spo\u010d\u00edtat<\/strong>. P\u0159i po\u010d\u00edt\u00e1n\u00ed ka\u017edou z&nbsp;nich <strong>zakrou\u017ekuj<\/strong>.<\/li><li><strong>Pod\u00edvej<\/strong>, co provedla ko\u010dka s&nbsp;vysokou tr\u00e1vou. Prom\u011bnila ji v&nbsp;n\u00edzkou travi\u010dku.<\/li><li>A kouzelnickou h\u016flku zkr\u00e1tila! Byla dlouh\u00e1 a te\u010f je kr\u00e1tk\u00e1.<\/li><li>Z&nbsp;knihy zmizely str\u00e1nky. Byla tlust\u00e1 a te\u010f je tenk\u00e1!<\/li><li>Z&nbsp;kotl\u00edku zmizel kouzeln\u00fd lektvar! Byl pln\u00fd lektvaru a te\u010f je \u00fapln\u011b pr\u00e1zdn\u00fd!<\/li><li>A my\u0161k\u00e1m od\u010darovala z&nbsp;pytle zrn\u00ed. M\u011bly ho pln\u00fd pytel a te\u010f je pytel pr\u00e1zdn\u00fd!<\/li><li><strong>Ukazuj<\/strong> dvojice obr\u00e1zk\u016f a \u0159\u00edkej: <em>Tato tr\u00e1va je <strong>vysok\u00e1<\/strong>.<\/em> \u2013 <em>Tato tr\u00e1va je <strong>n\u00edzk\u00e1<\/strong>.<\/em>, <em>Tato kouzelnick\u00e1 h\u016flka je <strong>dlouh\u00e1<\/strong>.<\/em> \u2013 <em>Tato kouzelnick\u00e1 h\u016flka je <strong>kr\u00e1tk\u00e1<\/strong>.<\/em>, <em>Tato kniha je <strong>tlust\u00e1<\/strong>.<\/em> \u2013 <em>Tato kniha je <strong>tenk\u00e1<\/strong>.<\/em>, <em>Tento kotl\u00edk je <\/em><strong><em>pln\u00fd<\/em><\/strong><em>.<\/em> \u2013 <em>Tento kotl\u00edk je <\/em><strong><em>pr\u00e1zdn\u00fd<\/em><\/strong><em>.<\/em>, <em>Tento pytel je <strong>t\u011b\u017ek\u00fd<\/strong>.<\/em> \u2013 <em>Tento pytel je <strong>lehk\u00fd<\/strong>.<\/em><\/li><li>Dvojice obr\u00e1zk\u016f <strong>spoj<\/strong>.<\/li><li><strong>\u0158ekni<\/strong>, co by sis nejrad\u011bji vy\u010daroval, kdybys um\u011bl \u010darovat.<\/li><\/ol>\n\n\n\n<p class=\"has-text-align-right\"><a href=\"https:\/\/nns.cz\/predskolak\/jsem-predskolak\/podrobne-instrukce-ke-strankam\/\">Zp\u011bt na p\u0159ehled stran<\/a><\/p>\n","protected":false},"excerpt":{"rendered":"<p>JSEM P\u0158ED\u0160KOL\u00c1K Zp\u011bt na p\u0159ehled stran POROVNEJ OBR\u00c1ZKY. (str. 6, 7) Your browser do not support the video tag. Prohl\u00e9dni si obr\u00e1zek. Vstoje p\u0159edv\u00e1d\u011bj, jak ko\u010di\u010dka \u010daruje. P\u0159edstav si, \u017ee m\u00e1\u0161 v&nbsp;ruce kouzelnickou h\u016flku. Kru\u017e s&nbsp;n\u00ed ve vzduchu p\u0159ed sebou do v\u0161ech stran. P\u0159i tom uvolni pa\u017ei v&nbsp;rameni. Vsed\u011b obt\u00e1hni prstem \u010d\u00e1ru od ko\u010dky a [&hellip;]<\/p>\n","protected":false},"author":2,"featured_media":0,"parent":1716,"menu_order":0,"comment_status":"closed","ping_status":"closed","template":"","meta":{"footnotes":""},"class_list":["post-1838","page","type-page","status-publish","hentry","latest_post"],"_links":{"self":[{"href":"https:\/\/nns.cz\/predskolak\/wp-json\/wp\/v2\/pages\/1838","targetHints":{"allow":["GET"]}}],"collection":[{"href":"https:\/\/nns.cz\/predskolak\/wp-json\/wp\/v2\/pages"}],"about":[{"href":"https:\/\/nns.cz\/predskolak\/wp-json\/wp\/v2\/types\/page"}],"author":[{"embeddable":true,"href":"https:\/\/nns.cz\/predskolak\/wp-json\/wp\/v2\/users\/2"}],"replies":[{"embeddable":true,"href":"https:\/\/nns.cz\/predskolak\/wp-json\/wp\/v2\/comments?post=1838"}],"version-history":[{"count":5,"href":"https:\/\/nns.cz\/predskolak\/wp-json\/wp\/v2\/pages\/1838\/revisions"}],"predecessor-version":[{"id":2203,"href":"https:\/\/nns.cz\/predskolak\/wp-json\/wp\/v2\/pages\/1838\/revisions\/2203"}],"up":[{"embeddable":true,"href":"https:\/\/nns.cz\/predskolak\/wp-json\/wp\/v2\/pages\/1716"}],"wp:attachment":[{"href":"https:\/\/nns.cz\/predskolak\/wp-json\/wp\/v2\/media?parent=1838"}],"curies":[{"name":"wp","href":"https:\/\/api.w.org\/{rel}","templated":true}]}}