{"id":1550,"date":"2023-09-04T08:20:35","date_gmt":"2023-09-04T06:20:35","guid":{"rendered":"https:\/\/nns.cz\/predskolak\/?page_id=1550"},"modified":"2024-01-22T16:33:51","modified_gmt":"2024-01-22T15:33:51","slug":"predstaveni-pracovni-ucebnice","status":"publish","type":"page","link":"https:\/\/nns.cz\/predskolak\/jsem-predskolak\/predstaveni-pracovni-ucebnice\/","title":{"rendered":"P\u0159edstaven\u00ed pracovn\u00ed u\u010debnice"},"content":{"rendered":"\n<p class=\"has-text-align-center\"><strong>NOVINKA 2024<\/strong><\/p>\n\n\n\n<div class=\"wp-block-image\"><figure class=\"alignright size-full is-resized\"><a href=\"https:\/\/nns.cz\/predskolak\/jsem-predskolak\/podrobne-instrukce-ke-strankam\/\" target=\"_blank\" rel=\"noopener noreferrer\"><img loading=\"lazy\" decoding=\"async\" src=\"https:\/\/nns.cz\/predskolak\/wp-content\/uploads\/2023\/10\/QR_mobil.png\" alt=\"\" class=\"wp-image-1647\" width=\"53\" height=\"101\" srcset=\"https:\/\/nns.cz\/predskolak\/wp-content\/uploads\/2023\/10\/QR_mobil.png 210w, https:\/\/nns.cz\/predskolak\/wp-content\/uploads\/2023\/10\/QR_mobil-157x300.png 157w\" sizes=\"auto, (max-width: 53px) 100vw, 53px\" \/><\/a><\/figure><\/div>\n\n\n\n<p><strong><span class=\"has-inline-color has-luminous-vivid-orange-color\">J<\/span><span class=\"has-inline-color has-vivid-cyan-blue-color\">S<\/span><span class=\"has-inline-color has-light-green-cyan-color\">E<\/span><span class=\"has-inline-color has-vivid-purple-color\">M<\/span> <span class=\"has-inline-color has-luminous-vivid-amber-color\">P<\/span><span class=\"has-inline-color has-pale-cyan-blue-color\">\u0158<\/span><span class=\"has-inline-color has-vivid-red-color\">E<\/span><span class=\"has-inline-color has-pale-pink-color\">D<\/span><span class=\"has-inline-color has-vivid-purple-color\">\u0160<\/span><span class=\"has-inline-color has-light-green-cyan-color\">K<\/span><span class=\"has-inline-color has-vivid-cyan-blue-color\">O<\/span><span class=\"has-inline-color has-cyan-bluish-gray-color\">L<\/span><span class=\"has-inline-color has-vivid-green-cyan-color\">\u00c1<\/span><span class=\"has-inline-color has-vivid-purple-color\">K<\/span> <\/strong>je <strong>odborn\u011b zpracovan\u00e1 pracovn\u00ed u\u010debnice<\/strong>, kter\u00e1 <strong>p\u0159iprav\u00ed p\u0159ed\u0161kol\u00e1ka kr\u016f\u010dek po kr\u016f\u010dku do 1.&nbsp;ro\u010dn\u00edku<\/strong>. Ke v\u0161em str\u00e1nk\u00e1m nab\u00edz\u00ed <strong><span class=\"has-inline-color has-vivid-purple-color\"><a rel=\"noreferrer noopener\" href=\"https:\/\/nns.cz\/predskolak\/jsem-predskolak\/podrobne-instrukce-ke-strankam\/\" target=\"_blank\">ZDARMA v\u00fdukov\u00e1 videa<\/a><\/span><\/strong>. Pracovn\u00ed u\u010debnice je <strong>ov\u011b\u0159ena p\u0159ed\u0161kol\u00e1ky<\/strong>.<\/p>\n\n\n\n<div class=\"wp-block-image\"><figure class=\"alignleft size-full is-resized\"><a href=\"https:\/\/nns.cz\/predskolak\/jsem-predskolak\/priloha\/\" target=\"_blank\" rel=\"noopener noreferrer\"><img loading=\"lazy\" decoding=\"async\" src=\"https:\/\/nns.cz\/predskolak\/wp-content\/uploads\/2023\/10\/samolepky.png\" alt=\"\" class=\"wp-image-1649\" width=\"113\" height=\"113\" srcset=\"https:\/\/nns.cz\/predskolak\/wp-content\/uploads\/2023\/10\/samolepky.png 453w, https:\/\/nns.cz\/predskolak\/wp-content\/uploads\/2023\/10\/samolepky-300x300.png 300w, https:\/\/nns.cz\/predskolak\/wp-content\/uploads\/2023\/10\/samolepky-150x150.png 150w, https:\/\/nns.cz\/predskolak\/wp-content\/uploads\/2023\/10\/samolepky-246x246.png 246w, https:\/\/nns.cz\/predskolak\/wp-content\/uploads\/2023\/10\/samolepky-185x185.png 185w, https:\/\/nns.cz\/predskolak\/wp-content\/uploads\/2023\/10\/samolepky-220x220.png 220w, https:\/\/nns.cz\/predskolak\/wp-content\/uploads\/2023\/10\/samolepky-60x60.png 60w, https:\/\/nns.cz\/predskolak\/wp-content\/uploads\/2023\/10\/samolepky-384x384.png 384w\" sizes=\"auto, (max-width: 113px) 100vw, 113px\" \/><\/a><\/figure><\/div>\n\n\n\n<p>P\u0159ed\u0161kol\u00e1ci si osvojuj\u00ed v\u011bdomosti a z\u00edsk\u00e1vaj\u00ed dovednosti, kter\u00e9 je p\u0159iprav\u00ed<strong> k\u00a0v\u00fduce \u010dten\u00ed<\/strong>, <strong>psan\u00ed<\/strong>, <strong>po\u010d\u00edt\u00e1n\u00ed<\/strong> a <strong>prvouky<\/strong>.<\/p>\n\n\n\n<p>U\u010d\u00ed se z\u00e1bavnou formou p\u0159i nalepov\u00e1n\u00ed <strong><a rel=\"noreferrer noopener\" href=\"https:\/\/nns.cz\/predskolak\/jsem-predskolak\/priloha\/\" target=\"_blank\">SAMOLEPEK<\/a><\/strong>. P\u0159i manipulaci s&nbsp;nimi rozv\u00edj\u00ed jemnou motoriku.<\/p>\n\n\n\n<p><strong>Pracovn\u00ed u\u010debnice Jsem p\u0159ed\u0161kol\u00e1k<\/strong> pom\u016f\u017ee p\u0159ed\u0161kol\u00e1k\u016fm:<\/p>\n\n\n\n<ul class=\"wp-block-list\"><li>z\u00edskat dovednosti, kter\u00e9 p\u0159edch\u00e1zej\u00ed <strong>\u010dten\u00ed<\/strong>, v&nbsp;hrav\u00fdch \u010dinnostech sm\u011b\u0159uj\u00edc\u00edch k&nbsp;vytvo\u0159en\u00ed <strong>aktivn\u00edho vztahu k&nbsp;\u010detb\u011b<\/strong>,<\/li><li>p\u0159ipravit se na <strong>psan\u00ed p\u00edsmen a \u010d\u00edslic <\/strong>(pomoc\u00ed grafomotorick\u00fdch cvi\u010den\u00ed a p\u0159i kreslen\u00ed obr\u00e1zk\u016f p\u0159ed\u0161kol\u00e1ci vn\u00edmaj\u00ed tvary tah\u016f, kter\u00e9 je navedou k&nbsp;psan\u00ed),<\/li><li>rozvinout jejich <strong>p\u0159edmatematick\u00e9 \u00favahy<\/strong>,<\/li><li>obohatit si v\u011bdomosti v&nbsp;r\u00e1mci tematick\u00e9ho propojen\u00ed \u00fakol\u016f s&nbsp;<strong>pozn\u00e1v\u00e1n\u00edm okoln\u00edho sv\u011bta<\/strong>, kter\u00fd po mal\u00fdch kr\u016f\u010dc\u00edch pozn\u00e1vaj\u00ed.<\/li><\/ul>\n\n\n\n<div class=\"wp-block-image\"><figure class=\"alignleft size-medium is-resized\"><a href=\"https:\/\/nns.cz\/predskolak\/wp-content\/uploads\/2023\/11\/vytisk-jsem-predskolak-scaled.jpg\"><img loading=\"lazy\" decoding=\"async\" src=\"https:\/\/nns.cz\/predskolak\/wp-content\/uploads\/2023\/11\/vytisk-jsem-predskolak-217x300.jpg\" alt=\"\" class=\"wp-image-1719\" width=\"163\" height=\"225\" srcset=\"https:\/\/nns.cz\/predskolak\/wp-content\/uploads\/2023\/11\/vytisk-jsem-predskolak-217x300.jpg 217w, https:\/\/nns.cz\/predskolak\/wp-content\/uploads\/2023\/11\/vytisk-jsem-predskolak-740x1024.jpg 740w, https:\/\/nns.cz\/predskolak\/wp-content\/uploads\/2023\/11\/vytisk-jsem-predskolak-768x1062.jpg 768w, https:\/\/nns.cz\/predskolak\/wp-content\/uploads\/2023\/11\/vytisk-jsem-predskolak-1110x1536.jpg 1110w, https:\/\/nns.cz\/predskolak\/wp-content\/uploads\/2023\/11\/vytisk-jsem-predskolak-1480x2048.jpg 1480w, https:\/\/nns.cz\/predskolak\/wp-content\/uploads\/2023\/11\/vytisk-jsem-predskolak-scaled.jpg 1851w\" sizes=\"auto, (max-width: 163px) 100vw, 163px\" \/><\/a><\/figure><\/div>\n\n\n\n<p><strong><span class=\"has-inline-color has-luminous-vivid-orange-color\">J<\/span><span class=\"has-inline-color has-vivid-cyan-blue-color\">S<\/span><span class=\"has-inline-color has-light-green-cyan-color\">E<\/span><span class=\"has-inline-color has-vivid-purple-color\">M<\/span> <span class=\"has-inline-color has-luminous-vivid-amber-color\">P<\/span><span class=\"has-inline-color has-pale-cyan-blue-color\">\u0158<\/span><span class=\"has-inline-color has-vivid-red-color\">E<\/span><span class=\"has-inline-color has-pale-pink-color\">D<\/span><span class=\"has-inline-color has-vivid-purple-color\">\u0160<\/span><span class=\"has-inline-color has-light-green-cyan-color\">K<\/span><span class=\"has-inline-color has-vivid-cyan-blue-color\">O<\/span><span class=\"has-inline-color has-cyan-bluish-gray-color\">L<\/span><span class=\"has-inline-color has-vivid-green-cyan-color\">\u00c1<\/span><span class=\"has-inline-color has-vivid-purple-color\">K<\/span> <\/strong><\/p>\n\n\n\n<p><strong><span class=\"has-inline-color has-vivid-purple-color\">JE OKAM\u017dIT\u011a DOSTUPN\u00c1<\/span><span class=\"has-inline-color has-vivid-green-cyan-color\"> <u><a rel=\"noreferrer noopener\" href=\"https:\/\/www.nns.cz\/blog\/predskolni-vzdelavani\/pro-predskolaky-zapis-je-tu\/\" target=\"_blank\">zde<\/a><\/u>.<\/span><\/strong><\/p>\n\n\n\n<p><strong><span class=\"has-inline-color has-vivid-purple-color\">Obsahuje:<\/span><\/strong><br>&#8211; <span class=\"has-inline-color has-vivid-purple-color\"><strong>56 celobarevn\u00fdch stran a<\/strong><\/span><br>&#8211; <span class=\"has-inline-color has-vivid-purple-color\"><strong>p\u0159\u00edlohu samolepek.<\/strong><\/span><\/p>\n\n\n\n<figure class=\"wp-block-gallery aligncenter columns-2 is-cropped wp-block-gallery-1 is-layout-flex wp-block-gallery-is-layout-flex\"><ul class=\"blocks-gallery-grid\"><li class=\"blocks-gallery-item\"><figure><a href=\"https:\/\/nns.cz\/predskolak\/wp-content\/uploads\/2023\/10\/P-55-Jsem-predskolak-obalka_reklama-2023.png\"><img loading=\"lazy\" decoding=\"async\" width=\"2504\" height=\"3508\" src=\"https:\/\/nns.cz\/predskolak\/wp-content\/uploads\/2023\/10\/P-55-Jsem-predskolak-obalka_reklama-2023.png\" alt=\"\" data-id=\"1637\" data-full-url=\"https:\/\/nns.cz\/predskolak\/wp-content\/uploads\/2023\/10\/P-55-Jsem-predskolak-obalka_reklama-2023.png\" data-link=\"https:\/\/nns.cz\/predskolak\/p-55-jsem-predskolak-obalka_reklama-2023\/\" class=\"wp-image-1637\" srcset=\"https:\/\/nns.cz\/predskolak\/wp-content\/uploads\/2023\/10\/P-55-Jsem-predskolak-obalka_reklama-2023.png 2504w, https:\/\/nns.cz\/predskolak\/wp-content\/uploads\/2023\/10\/P-55-Jsem-predskolak-obalka_reklama-2023-214x300.png 214w, https:\/\/nns.cz\/predskolak\/wp-content\/uploads\/2023\/10\/P-55-Jsem-predskolak-obalka_reklama-2023-731x1024.png 731w, https:\/\/nns.cz\/predskolak\/wp-content\/uploads\/2023\/10\/P-55-Jsem-predskolak-obalka_reklama-2023-768x1076.png 768w, https:\/\/nns.cz\/predskolak\/wp-content\/uploads\/2023\/10\/P-55-Jsem-predskolak-obalka_reklama-2023-1096x1536.png 1096w, https:\/\/nns.cz\/predskolak\/wp-content\/uploads\/2023\/10\/P-55-Jsem-predskolak-obalka_reklama-2023-1462x2048.png 1462w\" sizes=\"auto, (max-width: 2504px) 100vw, 2504px\" \/><\/a><\/figure><\/li><li class=\"blocks-gallery-item\"><figure><a href=\"https:\/\/nns.cz\/predskolak\/wp-content\/uploads\/2023\/10\/Jsem-predskolak-SAMOLEPKY_vodoznak.png\"><img loading=\"lazy\" decoding=\"async\" width=\"4961\" height=\"3508\" src=\"https:\/\/nns.cz\/predskolak\/wp-content\/uploads\/2023\/10\/Jsem-predskolak-SAMOLEPKY_vodoznak.png\" alt=\"\" data-id=\"1642\" data-full-url=\"https:\/\/nns.cz\/predskolak\/wp-content\/uploads\/2023\/10\/Jsem-predskolak-SAMOLEPKY_vodoznak.png\" data-link=\"https:\/\/nns.cz\/predskolak\/jsem-predskolak-samolepky_vodoznak\/\" class=\"wp-image-1642\" srcset=\"https:\/\/nns.cz\/predskolak\/wp-content\/uploads\/2023\/10\/Jsem-predskolak-SAMOLEPKY_vodoznak.png 4961w, https:\/\/nns.cz\/predskolak\/wp-content\/uploads\/2023\/10\/Jsem-predskolak-SAMOLEPKY_vodoznak-300x212.png 300w, https:\/\/nns.cz\/predskolak\/wp-content\/uploads\/2023\/10\/Jsem-predskolak-SAMOLEPKY_vodoznak-1024x724.png 1024w, https:\/\/nns.cz\/predskolak\/wp-content\/uploads\/2023\/10\/Jsem-predskolak-SAMOLEPKY_vodoznak-768x543.png 768w, https:\/\/nns.cz\/predskolak\/wp-content\/uploads\/2023\/10\/Jsem-predskolak-SAMOLEPKY_vodoznak-1536x1086.png 1536w, https:\/\/nns.cz\/predskolak\/wp-content\/uploads\/2023\/10\/Jsem-predskolak-SAMOLEPKY_vodoznak-2048x1448.png 2048w\" sizes=\"auto, (max-width: 4961px) 100vw, 4961px\" \/><\/a><\/figure><\/li><\/ul><\/figure>\n\n\n\n<p><strong><span class=\"has-inline-color has-vivid-purple-color\">Pracovn\u00ed u\u010debnice<\/span><span class=\"has-inline-color has-vivid-green-cyan-color\"> <\/span><strong><span class=\"has-inline-color has-luminous-vivid-orange-color\">J<\/span><span class=\"has-inline-color has-vivid-cyan-blue-color\">S<\/span><span class=\"has-inline-color has-light-green-cyan-color\">E<\/span><span class=\"has-inline-color has-vivid-purple-color\">M<\/span> <span class=\"has-inline-color has-luminous-vivid-amber-color\">P<\/span><span class=\"has-inline-color has-pale-cyan-blue-color\">\u0158<\/span><span class=\"has-inline-color has-vivid-red-color\">E<\/span><span class=\"has-inline-color has-pale-pink-color\">D<\/span><span class=\"has-inline-color has-vivid-purple-color\">\u0160<\/span><span class=\"has-inline-color has-light-green-cyan-color\">K<\/span><span class=\"has-inline-color has-vivid-cyan-blue-color\">O<\/span><span class=\"has-inline-color has-cyan-bluish-gray-color\">L<\/span><span class=\"has-inline-color has-vivid-green-cyan-color\">\u00c1<\/span><span class=\"has-inline-color has-vivid-purple-color\">K<\/span> <\/strong><span class=\"has-inline-color has-vivid-purple-color\">V\u00e1m nab\u00edz\u00ed:<\/span><\/strong><\/p>\n\n\n\n<div class=\"wp-block-image\"><figure class=\"alignleft size-medium is-resized\"><a href=\"https:\/\/nns.cz\/predskolak\/wp-content\/uploads\/2023\/10\/QR_mobil_s-okrajem.png\"><img loading=\"lazy\" decoding=\"async\" src=\"https:\/\/nns.cz\/predskolak\/wp-content\/uploads\/2023\/10\/QR_mobil_s-okrajem-189x300.png\" alt=\"\" class=\"wp-image-1688\" width=\"95\" height=\"150\" srcset=\"https:\/\/nns.cz\/predskolak\/wp-content\/uploads\/2023\/10\/QR_mobil_s-okrajem-189x300.png 189w, https:\/\/nns.cz\/predskolak\/wp-content\/uploads\/2023\/10\/QR_mobil_s-okrajem.png 328w\" sizes=\"auto, (max-width: 95px) 100vw, 95px\" \/><\/a><\/figure><\/div>\n\n\n\n<ul class=\"wp-block-list\"><li><span class=\"has-inline-color has-vivid-purple-color\"><strong>v\u00edce ne\u017e 100 samolepek<\/strong><\/span>,<\/li><\/ul>\n\n\n\n<ul class=\"wp-block-list\"><li><a rel=\"noreferrer noopener\" href=\"https:\/\/nns.cz\/predskolak\/jsem-predskolak\/podrobne-instrukce-ke-strankam\/\" target=\"_blank\"><strong>v\u00edce ne\u017e 40 v\u00fdukov\u00fdch vide\u00ed<\/strong><\/a>  po&nbsp;na\u010dten\u00ed p\u0159es QR k\u00f3d,<\/li><\/ul>\n\n\n\n<ul class=\"wp-block-list\"><li><strong><span class=\"has-inline-color has-vivid-purple-color\">na\u010dten\u00ed QR k\u00f3du<\/span><\/strong> p\u0159\u00edmo na tituln\u00ed str\u00e1nce ob\u00e1lky <strong>k&nbsp;okam\u017eit\u00e9mu z\u00edsk\u00e1n\u00ed podrobn\u00fdch instrukc\u00ed ke str\u00e1nk\u00e1m<\/strong>,<\/li><\/ul>\n\n\n\n<p><\/p>\n\n\n\n<ul class=\"wp-block-list\"><li><strong>z\u00e1kladn\u00ed<\/strong> <strong>instrukce<\/strong> p\u0159\u00edmo pod ka\u017ed\u00fdm \u00fakolem <strong>na str\u00e1nce<\/strong>, <\/li><li><strong>metodickou na v\u00fdukov\u00e9m port\u00e1lu P\u0158ED\u0160KOL\u00c1K<\/strong>,<\/li><li><strong>propojen\u00ed s\u00a0aplikac\u00ed na <a href=\"http:\/\/www.nns.cz\/pohadky\"><strong>www.nns.cz\/pohadky<\/strong><\/a><\/strong>, kde si m\u016f\u017ee poslechnout poh\u00e1dky, ke kter\u00fdm se v\u00e1\u017eou \u00fakoly na str\u00e1nk\u00e1ch s\u00a0poh\u00e1dkami a podle obr\u00e1zkov\u00e9 osnovy si je zde m\u016f\u017ee i zkusit vypr\u00e1v\u011bt.<\/li><\/ul>\n\n\n\n<p><strong><strong>Pracovn\u00ed u\u010debnice <\/strong>rozv\u00edj\u00ed<\/strong> p\u0159i pr\u00e1ci s&nbsp;v\u00fdukov\u00fdmi videi <strong><span class=\"has-inline-color has-vivid-purple-color\">digit\u00e1ln\u00ed kompetence p\u0159ed\u0161kol\u00e1k\u016f<\/span><\/strong>.<\/p>\n\n\n\n<p><strong><span class=\"has-inline-color has-vivid-purple-color\">Pracovn\u00ed u\u010debnice<\/span><span class=\"has-inline-color has-vivid-green-cyan-color\"> <\/span><strong><span class=\"has-inline-color has-luminous-vivid-orange-color\">J<\/span><span class=\"has-inline-color has-vivid-cyan-blue-color\">S<\/span><span class=\"has-inline-color has-light-green-cyan-color\">E<\/span><span class=\"has-inline-color has-vivid-purple-color\">M<\/span> <span class=\"has-inline-color has-luminous-vivid-amber-color\">P<\/span><span class=\"has-inline-color has-pale-cyan-blue-color\">\u0158<\/span><span class=\"has-inline-color has-vivid-red-color\">E<\/span><span class=\"has-inline-color has-pale-pink-color\">D<\/span><span class=\"has-inline-color has-vivid-purple-color\">\u0160<\/span><span class=\"has-inline-color has-light-green-cyan-color\">K<\/span><span class=\"has-inline-color has-vivid-cyan-blue-color\">O<\/span><span class=\"has-inline-color has-cyan-bluish-gray-color\">L<\/span><span class=\"has-inline-color has-vivid-green-cyan-color\">\u00c1<\/span><span class=\"has-inline-color has-vivid-purple-color\">K<\/span> <\/strong><span class=\"has-inline-color has-vivid-purple-color\">je<\/span><\/strong><\/p>\n\n\n\n<div class=\"wp-block-image\"><figure class=\"alignright size-full is-resized\"><a href=\"https:\/\/nns.cz\/predskolak\/wp-content\/uploads\/2023\/10\/logo-overeno-predskolaky.png\"><img loading=\"lazy\" decoding=\"async\" src=\"https:\/\/nns.cz\/predskolak\/wp-content\/uploads\/2023\/10\/logo-overeno-predskolaky.png\" alt=\"\" class=\"wp-image-1643\" width=\"236\" height=\"143\" srcset=\"https:\/\/nns.cz\/predskolak\/wp-content\/uploads\/2023\/10\/logo-overeno-predskolaky.png 471w, https:\/\/nns.cz\/predskolak\/wp-content\/uploads\/2023\/10\/logo-overeno-predskolaky-300x182.png 300w\" sizes=\"auto, (max-width: 236px) 100vw, 236px\" \/><\/a><\/figure><\/div>\n\n\n\n<ul class=\"wp-block-list\"><li><strong>odborn\u011b zpracovan\u00e1<\/strong> v\u00a0souladu s\u00a0RVP PV,<\/li><li><strong>ov\u011b\u0159ena p\u0159i v\u00fduce<\/strong> v\u00a0mate\u0159sk\u00fdch \u0161kol\u00e1ch b\u011bhem cel\u00e9ho \u0161koln\u00edho roku,<\/li><li><strong>systematicky uspo\u0159\u00e1dan\u00e1<\/strong>,<\/li><li><strong>obsahov\u011b propojen\u00e1<\/strong>,<\/li><li>graficky <strong>p\u0159ehledn\u00e1<\/strong>,<\/li><li><strong>p\u0159im\u011b\u0159en\u00e1 v\u011bku p\u0159ed\u0161kol\u00e1ka<\/strong>.<\/li><\/ul>\n\n\n\n<p><strong><span class=\"has-inline-color has-vivid-purple-color\">Pracovn\u00ed u\u010debnice <\/span><strong><span class=\"has-inline-color has-luminous-vivid-orange-color\">J<\/span><span class=\"has-inline-color has-vivid-cyan-blue-color\">S<\/span><span class=\"has-inline-color has-light-green-cyan-color\">E<\/span><span class=\"has-inline-color has-vivid-purple-color\">M<\/span> <span class=\"has-inline-color has-luminous-vivid-amber-color\">P<\/span><span class=\"has-inline-color has-pale-cyan-blue-color\">\u0158<\/span><span class=\"has-inline-color has-vivid-red-color\">E<\/span><span class=\"has-inline-color has-pale-pink-color\">D<\/span><span class=\"has-inline-color has-vivid-purple-color\">\u0160<\/span><span class=\"has-inline-color has-light-green-cyan-color\">K<\/span><span class=\"has-inline-color has-vivid-cyan-blue-color\">O<\/span><span class=\"has-inline-color has-cyan-bluish-gray-color\">L<\/span><span class=\"has-inline-color has-vivid-green-cyan-color\">\u00c1<\/span><span class=\"has-inline-color has-vivid-purple-color\">K<\/span> <\/strong><span class=\"has-inline-color has-vivid-purple-color\">obsahuje<\/span><\/strong><\/p>\n\n\n\n<ul class=\"wp-block-list\"><li>tematick\u00e9 <strong>\u0159\u00edkanky<\/strong> ke ka\u017ed\u00e9 grafomotorick\u00e9 rozcvi\u010dce,<\/li><li><strong>n\u00e1m\u011bty<\/strong> <strong>k&nbsp;pr\u016fpravn\u00fdm cvik\u016fm<\/strong>, kter\u00e9 jsou voleny tak, aby byly bl\u00edzk\u00e9 d\u011btsk\u00e9mu ch\u00e1p\u00e1n\u00ed a tematicky prol\u00ednaly s&nbsp;obr\u00e1zkov\u00fdm p\u0159\u00edb\u011bhem,<\/li><li><strong>motiva\u010dn\u00ed p\u0159\u00edb\u011bhy<\/strong>, kter\u00e9 d\u011bti zaujmou a na \u00fakolu pak pracuj\u00ed v&nbsp;pln\u00e9m soust\u0159ed\u011bn\u00ed,<\/li><li>p\u016fvabn\u00e9 <strong>d\u011btsk\u00e9 ilustrace<\/strong>, kter\u00e9 jsou <strong>velmi p\u016fsobiv\u00e9<\/strong> a motivuj\u00edc\u00ed, jednoduch\u00e9 bez zbyte\u010dn\u00fdch detail\u016f,<\/li><li><strong>tematicky propojen\u00e9 dvoustrany<\/strong>,<\/li><li><strong>str\u00e1nky i na \u0161\u00ed\u0159ku<\/strong> v&nbsp;p\u0159\u00edpad\u011b, \u017ee je t\u0159eba uvolnit pa\u017ei vstoje p\u0159i kreslen\u00ed p\u0159es celou plochu str\u00e1nky,<\/li><li><strong>pomocn\u00e9 plochy pro kreslen\u00ed<\/strong>, kter\u00e9 pouze napom\u00e1haj\u00ed k&nbsp;uv\u011bdom\u011bn\u00ed si tvaru obr\u00e1zku, jsou v&nbsp;tlumen\u00e9 barv\u011b a v&nbsp;r\u00e1mci ur\u010dit\u00e9ho re\u00e1ln\u00e9ho objektu, nap\u0159. kreslen\u00ed v&nbsp;pa\u0159ezu a tak p\u0159ed\u0161kol\u00e1ka pozitivn\u011b motivuj\u00ed i ke zv\u00eddavosti,<\/li><li><strong>dostate\u010dn\u011b velk\u00e9 obr\u00e1zky k&nbsp;vybarven\u00ed<\/strong>,<\/li><li><strong>velk\u00fd prostor pro vlastn\u00ed kresbu<\/strong> motivovan\u00fd obr\u00e1zky p\u0159i okraji str\u00e1nky, kter\u00e9 ho k&nbsp;nakreslen\u00ed obr\u00e1zku navedou,<\/li><li><strong>tvary \u010d\u00edslic<\/strong> (1\u20136) <strong>a<\/strong> <strong>vybran\u00fdch p\u00edsmen<\/strong>, se kter\u00fdmi p\u0159ed\u0161kol\u00e1ka seznamujeme formou obr\u00e1zku \u010d\u00edsla, kter\u00fd vybarvuje, a tak ho vedeme k&nbsp;sezn\u00e1men\u00ed s&nbsp;jejich tvarem,<\/li><li><strong>jednotn\u011b koncipovan\u00e9 stejn\u00e9 typy \u00fakol\u016f<\/strong> a graficky stejn\u011b a jednodu\u0161e ztv\u00e1rn\u011bn\u00e9 plochy pro \u0159e\u0161en\u00ed,<\/li><li><strong>metodick\u00fd n\u00e1vod k&nbsp;uvoln\u011bn\u00ed<\/strong> dominantn\u00ed <strong>ruky<\/strong> p\u0159ed kreslen\u00edm na vnit\u0159n\u00ed p\u0159edn\u00ed stran\u011b ob\u00e1lky,<\/li><li>prostor pro vlepen\u00ed fotografie p\u0159ed\u0161kol\u00e1ka a dostate\u010dn\u011b velk\u00fd prostor pro veps\u00e1n\u00ed jm\u00e9na p\u0159ed\u0161kol\u00e1kem na vnit\u0159n\u00ed zadn\u00ed stran\u011b ob\u00e1lky,<\/li><li>upout\u00e1vku na \u0159adu titul\u016f pro p\u0159ed\u0161koln\u00ed vzd\u011bl\u00e1v\u00e1n\u00ed na zadn\u00ed stran\u011b ob\u00e1lky.<\/li><\/ul>\n\n\n\n<p><strong><span class=\"has-inline-color has-vivid-purple-color\">V&nbsp;grafomotorick\u00fdch \u00fakolech vedeme p\u0159ed\u0161kol\u00e1ka<\/span><\/strong><\/p>\n\n\n\n<div class=\"wp-block-image\"><figure class=\"aligncenter size-full\"><a href=\"https:\/\/nns.cz\/predskolak\/wp-content\/uploads\/2023\/10\/P-55-Jsem-predskolak_str24-25.png\"><img loading=\"lazy\" decoding=\"async\" width=\"4961\" height=\"3508\" src=\"https:\/\/nns.cz\/predskolak\/wp-content\/uploads\/2023\/10\/P-55-Jsem-predskolak_str24-25.png\" alt=\"\" class=\"wp-image-1645\" srcset=\"https:\/\/nns.cz\/predskolak\/wp-content\/uploads\/2023\/10\/P-55-Jsem-predskolak_str24-25.png 4961w, https:\/\/nns.cz\/predskolak\/wp-content\/uploads\/2023\/10\/P-55-Jsem-predskolak_str24-25-300x212.png 300w, https:\/\/nns.cz\/predskolak\/wp-content\/uploads\/2023\/10\/P-55-Jsem-predskolak_str24-25-1024x724.png 1024w, https:\/\/nns.cz\/predskolak\/wp-content\/uploads\/2023\/10\/P-55-Jsem-predskolak_str24-25-768x543.png 768w, https:\/\/nns.cz\/predskolak\/wp-content\/uploads\/2023\/10\/P-55-Jsem-predskolak_str24-25-1536x1086.png 1536w, https:\/\/nns.cz\/predskolak\/wp-content\/uploads\/2023\/10\/P-55-Jsem-predskolak_str24-25-2048x1448.png 2048w\" sizes=\"auto, (max-width: 4961px) 100vw, 4961px\" \/><\/a><\/figure><\/div>\n\n\n\n<ul class=\"wp-block-list\"><li><strong>p\u0159i hran\u00ed<\/strong> se zv\u00ed\u0159\u00e1tka s&nbsp;v\u011bcmi <strong>ke<\/strong> <strong>zdokonalov\u00e1n\u00ed grafomotorick\u00fdch dovednost\u00ed<\/strong>,<\/li><li>ke koordinaci ruky a o\u010d\u00ed (o\u010di sleduj\u00ed pohyb rukou),<\/li><li>od tzv. velk\u00fdch pohyb\u016f (uvoln\u011bn\u00ed cel\u00e9 pa\u017ee) k&nbsp;mal\u00fdm pohyb\u016fm (uvoln\u011bn\u00ed rukou a prst\u016f),<\/li><li>k&nbsp;uvoln\u011bn\u00ed pa\u017e\u00ed p\u0159ed kreslen\u00edm krou\u017eiv\u00fdmi pohyby (levoto\u010div\u00fdmi i pravoto\u010div\u00fdmi),<\/li><li>po krou\u017een\u00ed pa\u017e\u00ed ve vzduchu k&nbsp;obtahov\u00e1n\u00ed p\u0159edlohy vstoje a teprve pozd\u011bji v&nbsp;sed\u011b,<\/li><li>po uvoln\u011bn\u00ed pa\u017e\u00ed k&nbsp;n\u00e1vyku uvol\u0148ovat si z\u00e1p\u011bst\u00ed a prsty, nap\u0159\u00edklad p\u0159i p\u0159edv\u00e1d\u011bn\u00ed myt\u00ed rukou, prsty t\u0159eba napodobov\u00e1n\u00edm ma\u010dk\u00e1n\u00ed pap\u00edru,<\/li><li>jemnou motoriku prst\u016f p\u0159ed\u0161kol\u00e1k procvi\u010duje i p\u0159i nalepov\u00e1n\u00ed samolepek,<\/li><li><strong>aby kreslil r\u00e1d a na kreslen\u00ed se t\u011b\u0161il<\/strong> \u2013 vol\u00edme vhodn\u00e9 uvol\u0148ovac\u00ed cviky a respektujeme jeho pot\u0159eby.<\/li><\/ul>\n\n\n\n<p><em>Doporu\u010dujeme<\/em><\/p>\n\n\n\n<ul class=\"wp-block-list\"><li><em>nezat\u011b\u017eovat d\u011bti p\u0159i pln\u011bn\u00ed \u00fakol\u016f dlouhodob\u00fdm sezen\u00edm,<\/em><\/li><li><em>respektovat individu\u00e1ln\u00ed pot\u0159eby d\u00edt\u011bte, nap\u0159\u00edklad p\u0159izp\u016fsobit se tempu pr\u00e1ce d\u00edt\u011bte, jeho pohybov\u00fdm mo\u017enostem,<\/em><\/li><li><em>nenutit d\u00edt\u011b k&nbsp;\u010dinnosti, ale motivovat ho, aby \u00fakol prov\u00e1d\u011blo se zaujet\u00edm a v&nbsp;pln\u00e9 pozornosti.<\/em><\/li><\/ul>\n\n\n\n<p><strong><span class=\"has-inline-color has-vivid-purple-color\">Na cest\u011b k&nbsp;pozn\u00e1v\u00e1n\u00ed a \u010dten\u00ed p\u0159ed\u0161kol\u00e1ka<\/span><\/strong><\/p>\n\n\n\n<div class=\"wp-block-image\"><figure class=\"aligncenter size-full\"><a href=\"https:\/\/nns.cz\/predskolak\/wp-content\/uploads\/2023\/10\/P-55-Jsem-predskolak_str16.png\"><img loading=\"lazy\" decoding=\"async\" width=\"3507\" height=\"2480\" src=\"https:\/\/nns.cz\/predskolak\/wp-content\/uploads\/2023\/10\/P-55-Jsem-predskolak_str16.png\" alt=\"\" class=\"wp-image-1644\" srcset=\"https:\/\/nns.cz\/predskolak\/wp-content\/uploads\/2023\/10\/P-55-Jsem-predskolak_str16.png 3507w, https:\/\/nns.cz\/predskolak\/wp-content\/uploads\/2023\/10\/P-55-Jsem-predskolak_str16-300x212.png 300w, https:\/\/nns.cz\/predskolak\/wp-content\/uploads\/2023\/10\/P-55-Jsem-predskolak_str16-1024x724.png 1024w, https:\/\/nns.cz\/predskolak\/wp-content\/uploads\/2023\/10\/P-55-Jsem-predskolak_str16-768x543.png 768w, https:\/\/nns.cz\/predskolak\/wp-content\/uploads\/2023\/10\/P-55-Jsem-predskolak_str16-1536x1086.png 1536w, https:\/\/nns.cz\/predskolak\/wp-content\/uploads\/2023\/10\/P-55-Jsem-predskolak_str16-2048x1448.png 2048w\" sizes=\"auto, (max-width: 3507px) 100vw, 3507px\" \/><\/a><\/figure><\/div>\n\n\n\n<ul class=\"wp-block-list\"><li><strong>motivujeme p\u0159\u00edb\u011bhy<\/strong> k&nbsp;obr\u00e1zk\u016fm, p\u0159ed\u0161kol\u00e1k se st\u00e1v\u00e1 jejich sou\u010d\u00e1st\u00ed, hraje si a p\u0159itom se u\u010d\u00ed,<\/li><li><strong>vedeme k&nbsp;vypr\u00e1v\u011bn\u00ed o obr\u00e1zc\u00edch<\/strong>, t\u00edm <strong>si obohacuje svoji slovn\u00ed z\u00e1sobu<\/strong> a <strong>rozv\u00edj\u00ed zp\u016fsob vyjad\u0159ov\u00e1n\u00ed<\/strong>,<\/li><li><strong>p\u0159ipravujeme ke \u010dten\u00ed p\u0159i hr\u00e1ch se slovy<\/strong>,<\/li><li><strong>u\u010d\u00edme vn\u00edmat prvn\u00ed hl\u00e1sku ve slov\u011b<\/strong>, za\u010d\u00edn\u00e1me hl\u00e1skou <em>m<\/em>, kterou d\u011bti za\u010d\u00ednaj\u00ed p\u0159irozen\u011b spr\u00e1vn\u011b vyslovovat jako prvn\u00ed hl\u00e1sku u\u017e od prvn\u00edho roku v\u011bku,<\/li><li><strong>seznamujeme s&nbsp;hl\u00e1skami, kter\u00e9 jsou si p\u0159i poslechu podobn\u00e9<\/strong>, sna\u017e\u00ed se je spr\u00e1vn\u011b a srozumiteln\u011b vyslovit (nap\u0159\u00edklad <em>d\/t<\/em>),<\/li><li><strong>u\u010d\u00edme nov\u00e9 \u0159\u00edkanky<\/strong>, kter\u00e9 <strong>od\u0159\u00edk\u00e1v\u00e1 do rytmu p\u0159i ka\u017ed\u00e9 grafomotorick\u00e9 rozcvi\u010dce<\/strong>, podpo\u0159\u00ed tak plynul\u00fd pohyb ruky,<\/li><li>seznamujeme s&nbsp;tvary n\u011bkter\u00fdch p\u00edsmen, vn\u00edm\u00e1 je pouze jako obr\u00e1zky,<\/li><li><strong>motivujeme k&nbsp;z\u00e1jmu o sv\u011bt<\/strong>, jeho\u017e je sou\u010d\u00e1st\u00ed, nep\u0159et\u011b\u017eujeme ho v\u0161ak v\u011bdomostmi, kter\u00e9 ve sv\u00e9m v\u011bku nem\u016f\u017ee je\u0161t\u011b ch\u00e1pat.<\/li><\/ul>\n\n\n\n<p><strong><span class=\"has-inline-color has-vivid-purple-color\">Rozv\u00edj\u00edme p\u0159edmatematick\u00e9 dovednosti p\u0159ed\u0161kol\u00e1ka<\/span><\/strong><\/p>\n\n\n\n<div class=\"wp-block-image\"><figure class=\"aligncenter size-full\"><a href=\"https:\/\/nns.cz\/predskolak\/wp-content\/uploads\/2023\/10\/P-55-Jsem-predskolak_str54.png\"><img loading=\"lazy\" decoding=\"async\" width=\"3507\" height=\"2480\" src=\"https:\/\/nns.cz\/predskolak\/wp-content\/uploads\/2023\/10\/P-55-Jsem-predskolak_str54.png\" alt=\"\" class=\"wp-image-1646\" srcset=\"https:\/\/nns.cz\/predskolak\/wp-content\/uploads\/2023\/10\/P-55-Jsem-predskolak_str54.png 3507w, https:\/\/nns.cz\/predskolak\/wp-content\/uploads\/2023\/10\/P-55-Jsem-predskolak_str54-300x212.png 300w, https:\/\/nns.cz\/predskolak\/wp-content\/uploads\/2023\/10\/P-55-Jsem-predskolak_str54-1024x724.png 1024w, https:\/\/nns.cz\/predskolak\/wp-content\/uploads\/2023\/10\/P-55-Jsem-predskolak_str54-768x543.png 768w, https:\/\/nns.cz\/predskolak\/wp-content\/uploads\/2023\/10\/P-55-Jsem-predskolak_str54-1536x1086.png 1536w, https:\/\/nns.cz\/predskolak\/wp-content\/uploads\/2023\/10\/P-55-Jsem-predskolak_str54-2048x1448.png 2048w\" sizes=\"auto, (max-width: 3507px) 100vw, 3507px\" \/><\/a><\/figure><\/div>\n\n\n\n<ul class=\"wp-block-list\"><li><strong>hraje si<\/strong> se zv\u00ed\u0159\u00e1tky a v\u011bcmi, kter\u00e9 jsou sou\u010d\u00e1st\u00ed jeho sv\u011bta,<\/li><li><strong>vn\u00edm\u00e1 barevnost \u010d\u00e1st\u00ed p\u0159\u00edrody<\/strong>, kter\u00e9 ho obklopuj\u00ed,<\/li><li><strong>porovn\u00e1v\u00e1 zv\u00ed\u0159\u00e1tka a v\u011bci<\/strong> <strong>podle<\/strong> jejich <strong>velikost\u00ed<\/strong> a<strong> tvar\u016f<\/strong> ve zjednodu\u0161en\u00fdch a obr\u00e1zc\u00edch, podle t\u011bchto jednoduch\u00fdch obr\u00e1zk\u016f si mohou vyzkou\u0161et zv\u00ed\u0159\u00e1tko nebo v\u011bc i sami nakreslit,<\/li><li><strong>rozhoduje<\/strong>, co <strong>kam<\/strong> <strong>pat\u0159\u00ed<\/strong>, a p\u0159i tom se u\u010d\u00ed ukl\u00e1dat sv\u00e9 v\u011bci tam, kam pat\u0159\u00ed,<\/li><li><strong>orientuje se v&nbsp;prostoru<\/strong> p\u0159i proch\u00e1zen\u00ed cesti\u010dek pod zem\u00ed s&nbsp;krtkem dol\u016f a nahoru, nebo nap\u0159\u00edklad p\u0159i zav\u011b\u0161ov\u00e1n\u00ed v\u00e1no\u010dn\u00edch ozdob na strome\u010dek vlevo i vpravo a tuto dovednost rozv\u00edj\u00ed <strong>p\u0159i celoro\u010dn\u00edch aktivit\u00e1ch<\/strong>,<\/li><li><strong>utv\u00e1\u0159\u00ed si denn\u00ed re\u017eim<\/strong>, pom\u00e1h\u00e1 mu vn\u00edmat \u010das (od mali\u010dka vn\u00edmaj\u00ed den a noc, na p\u0159\u00edkladech denn\u00edch aktivit za\u010d\u00ednaj\u00ed rozli\u0161ovat r\u00e1no, ve\u010der a postupn\u011b i ostatn\u00ed \u010d\u00e1sti dne), uv\u011bdomit si plynulost a n\u00e1vaznost \u010d\u00e1sti dne, rozv\u00edj\u00ed pl\u00e1nov\u00e1n\u00ed v&nbsp;\u010dase,<\/li><li><strong>orientuje se v&nbsp;ro\u010dn\u00edch obdob\u00edch p\u0159im\u011b\u0159en\u011b sv\u00e9mu v\u011bku<\/strong> podle toho, co r\u00e1d na ja\u0159e, v&nbsp;l\u00e9t\u011b, na podzim a v&nbsp;zim\u011b d\u011bl\u00e1,<\/li><li><strong>vybarvuje obr\u00e1zky \u010d\u00edsel<\/strong>, vn\u00edm\u00e1 jejich tvar zat\u00edm pouze jako obr\u00e1zek a t\u00edm se s&nbsp;jejich tvarem seznamuje,<\/li><li><strong>zkou\u0161\u00ed si uv\u011bdomit po\u010det<\/strong> p\u0159id\u00e1v\u00e1n\u00edm nebo ub\u00edr\u00e1n\u00edm jednoho, dvou a t\u0159\u00ed obr\u00e1zk\u016f do \u0161esti, nap\u0159\u00edklad ke dv\u011bma zv\u00ed\u0159\u00e1tk\u016fm klouzaj\u00edc\u00edm se na skluzavce p\u0159id\u00e1 jedno dal\u0161\u00ed,<\/li><li><strong>u\u010d\u00ed se zaznamen\u00e1vat po\u010det vybarvov\u00e1n\u00edm<\/strong> punt\u00edk\u016f v&nbsp;r\u00e1me\u010dku,<\/li><li><strong>v&nbsp;\u00fakolech s&nbsp;n\u00e1zorn\u00fdmi, jednoduch\u00fdmi a poutav\u00fdmi obr\u00e1zky, p\u0159i z\u00e1bavn\u00e9m dolepov\u00e1n\u00ed samolepek, hran\u00ed a pohybov\u00fdch \u010dinnostech<\/strong>.<\/li><\/ul>\n\n\n\n<p>Doporu\u010dujeme<\/p>\n\n\n\n<ul class=\"wp-block-list\"><li>p\u0159i osvojov\u00e1n\u00ed si barev p\u0159ech\u00e1zet od z\u00e1kladn\u00edch barev k\u00a0dopl\u0148kov\u00fdm, a to nejen p\u0159i jejich p\u0159irovn\u00e1v\u00e1n\u00ed ke skute\u010dnostem, kter\u00e9 p\u0159ed\u0161kol\u00e1ka obklopuj\u00ed <em>(Oran\u017eov\u00e1 jako pomeran\u010d.)<\/em> , ale tak\u00e9 p\u0159i jejich pojmenov\u00e1v\u00e1n\u00ed\u00a0 <em>(Jakou barvu m\u00e1 pomeran\u010d?) <\/em>a v\u00fdb\u011bru <em>(Vybarvi pomeran\u010d oran\u017eovou pastelkou.)<\/em>,<\/li><li>nespokojit se pouze s\u00a0t\u00edm, \u017ee p\u0159ed\u0161kol\u00e1k um\u00ed od\u0159\u00edkat \u010d\u00edselnou \u0159adu nap\u0159\u00edklad do 20, neznamen\u00e1 to, \u017ee um\u00ed po\u010d\u00edtat,<\/li><li>v\u00e9st p\u0159ed\u0161kol\u00e1ka k\u00a0uv\u011bdom\u011bn\u00ed si po\u010dtu, s\u010d\u00edtat a od\u010d\u00edtat (do t\u0159\u00ed) v\u0161ak pouze s\u00a0vizu\u00e1ln\u00ed podporou \u2013 p\u0159ed\u0161kol\u00e1k dovede odpov\u011bd\u011bt na ot\u00e1zku \u201eKolik je v\u00a0krabi\u010dce knofl\u00edk\u016f?\u201c, pokud vid\u011bl, \u017ee byl do krabi\u010dky k\u00a0jednomu knofl\u00edku vlo\u017een je\u0161t\u011b jeden, nebo \u017ee byl ze t\u0159\u00ed knofl\u00edk\u016f jeden odebr\u00e1n,<\/li><li>aby p\u0159ed\u0161kol\u00e1k zn\u00e1zor\u0148oval po\u010det na z\u00e1klad\u011b konkr\u00e9tn\u00edch p\u0159edstav,<\/li><li>p\u0159i vytv\u00e1\u0159en\u00ed p\u0159edstavy rovinn\u00e9ho \u00fatvaru (nap\u0159\u00edklad kruhu), aby vid\u011bl kruh jako \u010d\u00e1st roviny, nap\u0159\u00edklad vyst\u0159i\u017een\u00fd z\u00a0pap\u00edru,<\/li><li>nenutit p\u0159ed\u0161kol\u00e1ky od\u0159\u00edk\u00e1vat zpam\u011bti n\u00e1zvy \u010d\u00e1st\u00ed dne, ro\u010dn\u00edch obdob\u00ed, pouze je s\u00a0nimi seznamovat \u0159\u00edkankou nebo jim je p\u0159ibl\u00ed\u017eit obl\u00edbenou \u010dinnost\u00ed, kterou v\u00a0tu dobu r\u00e1di d\u011blaj\u00ed.<\/li><\/ul>\n\n\n\n<p><strong><span class=\"has-inline-color has-luminous-vivid-orange-color\">J<\/span><span class=\"has-inline-color has-vivid-cyan-blue-color\">S<\/span><span class=\"has-inline-color has-light-green-cyan-color\">E<\/span><span class=\"has-inline-color has-vivid-purple-color\">M<\/span> <span class=\"has-inline-color has-luminous-vivid-amber-color\">P<\/span><span class=\"has-inline-color has-pale-cyan-blue-color\">\u0158<\/span><span class=\"has-inline-color has-vivid-red-color\">E<\/span><span class=\"has-inline-color has-pale-pink-color\">D<\/span><span class=\"has-inline-color has-vivid-purple-color\">\u0160<\/span><span class=\"has-inline-color has-light-green-cyan-color\">K<\/span><span class=\"has-inline-color has-vivid-cyan-blue-color\">O<\/span><span class=\"has-inline-color has-cyan-bluish-gray-color\">L<\/span><span class=\"has-inline-color has-vivid-green-cyan-color\">\u00c1<\/span><span class=\"has-inline-color has-vivid-purple-color\">K<\/span> <\/strong>je pracovn\u00ed u\u010debnic\u00ed, se kterou m\u00e1te k\u00a0dispozici kompletn\u00ed komfort:<\/p>\n\n\n\n<ul class=\"wp-block-list\"><li><strong><span class=\"has-inline-color has-vivid-purple-color\">ti\u0161t\u011bnou u\u010debnici s&nbsp;v\u00edce ne\u017e 100 samolepkami<\/span><\/strong>,<\/li><li>p\u0159ehledn\u011b zpracovan\u00e9 <a rel=\"noreferrer noopener\" href=\"https:\/\/nns.cz\/predskolak\/jsem-predskolak\/podrobne-instrukce-ke-strankam\/\" target=\"_blank\"><strong>instrukce<\/strong><\/a>, kter\u00e9 si pohodln\u011b na\u010dtete p\u0159es QR k\u00f3d na tituln\u00ed str\u00e1nce ob\u00e1lky,<\/li><li>v\u00edce ne\u017e 40 <strong><a rel=\"noreferrer noopener\" href=\"https:\/\/nns.cz\/predskolak\/jsem-predskolak\/podrobne-instrukce-ke-strankam\/\" target=\"_blank\">v\u00fdukov\u00fdch vide\u00ed<\/a><\/strong>, kter\u00e9 jsou voln\u011b ke sta\u017een\u00ed po\u00a0na\u010dten\u00ed QR k\u00f3du na ka\u017ed\u00e9 stran\u011b nebo dvoustran\u011b ti\u0161t\u011bn\u00e9 u\u010debnice,<\/li><li>metodickou podporu na <strong>v\u00fdukov\u00e9m port\u00e1lu <\/strong>P\u0159ed\u0161kol\u00e1k,<\/li><li>propojen\u00ed s&nbsp;aplikac\u00ed na <a rel=\"noreferrer noopener\" href=\"http:\/\/www.nns.cz\/pohadky\" target=\"_blank\"><strong>www.nns.cz\/pohadky<\/strong><\/a>.<\/li><\/ul>\n\n\n\n<div class=\"wp-block-image\"><figure class=\"aligncenter size-full is-resized\"><img loading=\"lazy\" decoding=\"async\" src=\"https:\/\/nns.cz\/predskolak\/wp-content\/uploads\/2023\/10\/QR_sluchadla.png\" alt=\"\" class=\"wp-image-1648\" width=\"119\" height=\"108\"\/><\/figure><\/div>\n\n\n\n<p><strong>P\u0159\u00edpravu do \u0161koly\u00a0<\/strong>zvl\u00e1dnete na jedni\u010dku!<\/p>\n","protected":false},"excerpt":{"rendered":"<p>NOVINKA 2024 JSEM P\u0158ED\u0160KOL\u00c1K je odborn\u011b zpracovan\u00e1 pracovn\u00ed u\u010debnice, kter\u00e1 p\u0159iprav\u00ed p\u0159ed\u0161kol\u00e1ka kr\u016f\u010dek po kr\u016f\u010dku do 1.&nbsp;ro\u010dn\u00edku. Ke v\u0161em str\u00e1nk\u00e1m nab\u00edz\u00ed ZDARMA v\u00fdukov\u00e1 videa. Pracovn\u00ed u\u010debnice je ov\u011b\u0159ena p\u0159ed\u0161kol\u00e1ky. P\u0159ed\u0161kol\u00e1ci si osvojuj\u00ed v\u011bdomosti a z\u00edsk\u00e1vaj\u00ed dovednosti, kter\u00e9 je p\u0159iprav\u00ed k\u00a0v\u00fduce \u010dten\u00ed, psan\u00ed, po\u010d\u00edt\u00e1n\u00ed a prvouky. U\u010d\u00ed se z\u00e1bavnou formou p\u0159i nalepov\u00e1n\u00ed SAMOLEPEK. P\u0159i manipulaci s&nbsp;nimi [&hellip;]<\/p>\n","protected":false},"author":2,"featured_media":0,"parent":1533,"menu_order":0,"comment_status":"closed","ping_status":"closed","template":"","meta":{"footnotes":""},"class_list":["post-1550","page","type-page","status-publish","hentry","latest_post"],"_links":{"self":[{"href":"https:\/\/nns.cz\/predskolak\/wp-json\/wp\/v2\/pages\/1550","targetHints":{"allow":["GET"]}}],"collection":[{"href":"https:\/\/nns.cz\/predskolak\/wp-json\/wp\/v2\/pages"}],"about":[{"href":"https:\/\/nns.cz\/predskolak\/wp-json\/wp\/v2\/types\/page"}],"author":[{"embeddable":true,"href":"https:\/\/nns.cz\/predskolak\/wp-json\/wp\/v2\/users\/2"}],"replies":[{"embeddable":true,"href":"https:\/\/nns.cz\/predskolak\/wp-json\/wp\/v2\/comments?post=1550"}],"version-history":[{"count":79,"href":"https:\/\/nns.cz\/predskolak\/wp-json\/wp\/v2\/pages\/1550\/revisions"}],"predecessor-version":[{"id":2313,"href":"https:\/\/nns.cz\/predskolak\/wp-json\/wp\/v2\/pages\/1550\/revisions\/2313"}],"up":[{"embeddable":true,"href":"https:\/\/nns.cz\/predskolak\/wp-json\/wp\/v2\/pages\/1533"}],"wp:attachment":[{"href":"https:\/\/nns.cz\/predskolak\/wp-json\/wp\/v2\/media?parent=1550"}],"curies":[{"name":"wp","href":"https:\/\/api.w.org\/{rel}","templated":true}]}}